{"id":29487,"date":"2023-06-29T16:32:07","date_gmt":"2023-06-29T20:32:07","guid":{"rendered":"https:\/\/appliancetechnician.ca\/?page_id=29487"},"modified":"2025-04-09T02:15:23","modified_gmt":"2025-04-09T06:15:23","slug":"reparation-delectromenager-electrolux","status":"publish","type":"page","link":"https:\/\/appliancetechnician.ca\/fr\/electrolux-appliance-repair\/","title":{"rendered":"R\u00e9paration d&#039;appareils Electrolux"},"content":{"rendered":"<div id=\"fws_69f1fa328fede\"  data-column-margin=\"default\" data-midnight=\"dark\"  class=\"wpb_row vc_row-fluid vc_row\"  style=\"padding-top: 50px; padding-bottom: 50px; \"><div class=\"row-bg-wrap\" data-bg-animation=\"none\" data-bg-animation-delay=\"\" data-bg-overlay=\"false\"><div class=\"inner-wrap row-bg-layer\" ><div class=\"row-bg viewport-desktop\"  style=\"\"><\/div><\/div><\/div><div class=\"row_col_wrap_12 col span_12 dark left\">\n\t<div  class=\"vc_col-sm-12 wpb_column column_container vc_column_container col no-extra-padding inherit_tablet inherit_phone\"  data-padding-pos=\"all\" data-has-bg-color=\"false\" data-bg-color=\"\" data-bg-opacity=\"1\" data-animation=\"\" data-delay=\"0\" >\n\t\t<div class=\"vc_column-inner\" >\n\t\t\t<div class=\"wpb_wrapper\">\n\t\t\t\t\n<div class=\"wpb_text_column wpb_content_element\" >\n\t<p>Pour le bon fonctionnement de votre cuisine, des appareils \u00e9lectrom\u00e9nagers fiables sont essentiels. Electrolux, une marque renomm\u00e9e dans l&#039;industrie de l&#039;\u00e9lectrom\u00e9nager, propose une large gamme d&#039;appareils de cuisine con\u00e7us pour rendre votre exp\u00e9rience culinaire agr\u00e9able et sans effort. Cependant, comme tout autre appareil \u00e9lectrom\u00e9nager, les appareils de cuisine Electrolux peuvent rencontrer des dysfonctionnements ou des pannes occasionnelles. C&#039;est l\u00e0 que notre <a href=\"https:\/\/appliancetechnician.ca\/fr\/blog\/guide-pratique-pour-acheter-des-appareils-electromenagers-en-ligne\/\" target=\"_blank\" rel=\"noopener\">services de r\u00e9paration d&#039;appareils \u00e9lectrom\u00e9nagers<\/a> venez \u00e0 votre secours et assurez-vous que vos appareils soient \u00e0 nouveau op\u00e9rationnels en un rien de temps.<\/p>\n<\/div>\n\n\n\n<div class=\"nectar-split-heading\" data-align=\"default\" data-m-align=\"inherit\" data-text-effect=\"none\" data-animation-type=\"line-reveal-by-space\" data-animation-delay=\"0\" data-animation-offset=\"\" data-m-rm-animation=\"\" data-stagger=\"\" data-custom-font-size=\"false\" ><h2 >R\u00e9paration d&#039;\u00e9lectrom\u00e9nagers Electrolux\u00a0: une bou\u00e9e de sauvetage pour votre cuisine<\/h2><\/div><div id=\"fws_69f1fa32902a3\" data-midnight=\"\" data-column-margin=\"default\" class=\"wpb_row vc_row-fluid vc_row inner_row  reverse_columns_column_phone\"  style=\"\"><div class=\"row-bg-wrap\"> <div class=\"row-bg\" ><\/div> <\/div><div class=\"row_col_wrap_12_inner col span_12  left\">\n\t<div  class=\"vc_col-sm-8 wpb_column column_container vc_column_container col child_column no-extra-padding inherit_tablet inherit_phone\"   data-padding-pos=\"all\" data-has-bg-color=\"false\" data-bg-color=\"\" data-bg-opacity=\"1\" data-animation=\"\" data-delay=\"0\" >\n\t\t<div class=\"vc_column-inner\" >\n\t\t<div class=\"wpb_wrapper\">\n\t\t\t\n<div class=\"wpb_text_column wpb_content_element\" >\n\t<p>Votre cuisine est le c\u0153ur de votre maison et les appareils Electrolux jouent un r\u00f4le essentiel dans son bon fonctionnement. Des r\u00e9frig\u00e9rateurs aux fours, des lave-vaisselle aux tables de cuisson, Electrolux propose une large gamme d&#039;appareils qui am\u00e9liorent votre exp\u00e9rience culinaire. Cependant, lorsque ces appareils fonctionnent mal ou tombent en panne, cela peut perturber votre quotidien et causer des d\u00e9sagr\u00e9ments. C&#039;est l\u00e0 qu&#039;intervient la r\u00e9paration d&#039;appareils Electrolux.<\/p>\n<\/div>\n\n\n\n\n\t\t<\/div> \n\t<\/div>\n\t<\/div> \n\n\t<div  class=\"vc_col-sm-4 wpb_column column_container vc_column_container col child_column centered-text no-extra-padding inherit_tablet inherit_phone\"   data-padding-pos=\"all\" data-has-bg-color=\"false\" data-bg-color=\"\" data-bg-opacity=\"1\" data-animation=\"\" data-delay=\"0\" >\n\t\t<div class=\"vc_column-inner\" >\n\t\t<div class=\"wpb_wrapper\">\n\t\t\t<div class=\"img-with-aniamtion-wrap\" data-max-width=\"100%\" data-max-width-mobile=\"default\" data-shadow=\"none\" data-animation=\"none\"  style=\"margin-top: 30px; \">\n      <div class=\"inner\">\n        <div class=\"hover-wrap\"> \n          <div class=\"hover-wrap-inner\">\n            <img loading=\"lazy\" decoding=\"async\" class=\"img-with-animation skip-lazy\" data-delay=\"0\" height=\"227\" width=\"998\" data-animation=\"none\" src=\"https:\/\/appliancetechnician.ca\/wp-content\/uploads\/2021\/05\/electrolux-5.svg\" alt=\"Services de r\u00e9paration d&#039;\u00e9lectrom\u00e9nagers Electrolux\" title=\"\">\n          <\/div>\n        <\/div>\n        \n      <\/div>\n    <\/div>\n\t\t<\/div> \n\t<\/div>\n\t<\/div> \n<\/div><\/div>\n\t\t\t<\/div> \n\t\t<\/div>\n\t<\/div> \n<\/div><\/div>\n\t\t<div id=\"fws_69f1fa32908aa\"  data-br=\"10px\" data-br-applies=\"bg\" data-column-margin=\"default\" data-midnight=\"light\"  class=\"wpb_row vc_row-fluid vc_row has-row-bg-color vc_row-o-equal-height vc_row-flex vc_row-o-content-middle  top_margin_20px bottom_margin_50px\"  style=\"padding-top: 50px; padding-bottom: 50px; --row-bg-color: #2ab375;\"><div class=\"row-bg-wrap\" data-bg-animation=\"none\" data-bg-animation-delay=\"\" data-bg-overlay=\"false\"><div class=\"inner-wrap row-bg-layer\" ><div class=\"row-bg viewport-desktop using-bg-color\"  style=\"background-color: #2ab375; \"><\/div><\/div><\/div><div class=\"row_col_wrap_12 col span_12 light left\">\n\t<div  class=\"vc_col-sm-12 wpb_column column_container vc_column_container col force-tablet-text-align-center force-phone-text-align-center left_padding_phone_15px right_padding_phone_15px\"  data-padding-pos=\"all\" data-has-bg-color=\"false\" data-bg-color=\"\" data-bg-opacity=\"1\" data-animation=\"\" data-delay=\"0\" >\n\t\t<div class=\"vc_column-inner\" >\n\t\t\t<div class=\"wpb_wrapper\">\n\t\t\t\t<div class=\"nectar-split-heading\" data-align=\"center\" data-m-align=\"inherit\" data-text-effect=\"none\" data-animation-type=\"line-reveal-by-space\" data-animation-delay=\"0\" data-animation-offset=\"\" data-m-rm-animation=\"\" data-stagger=\"\" data-custom-font-size=\"false\" ><h2 >Profitez \u00e0 nouveau de votre appareil Electrolux d\u00e8s aujourd\u2019hui\u00a0!<\/h2><\/div>\n<div class=\"wpb_text_column wpb_content_element\" >\n\t<p style=\"text-align: center;\">Ne laissez pas un appareil Electrolux d\u00e9fectueux g\u00e2cher votre journ\u00e9e. Contactez-nous d\u00e8s maintenant pour restaurer sa fonctionnalit\u00e9 !<\/p>\n<\/div>\n\n\n\n<div id=\"fws_69f1fa3290b21\" data-midnight=\"\" data-column-margin=\"default\" class=\"wpb_row vc_row-fluid vc_row inner_row\"  style=\"\"><div class=\"row-bg-wrap\"> <div class=\"row-bg\" ><\/div> <\/div><div class=\"row_col_wrap_12_inner col span_12  center\">\n\t<div  class=\"vc_col-sm-12 wpb_column column_container vc_column_container col child_column no-extra-padding right_margin_5pct inherit_tablet inherit_phone\"   data-padding-pos=\"all\" data-has-bg-color=\"false\" data-bg-color=\"\" data-bg-opacity=\"1\" data-animation=\"\" data-delay=\"0\" >\n\t\t<div class=\"vc_column-inner\" >\n\t\t<div class=\"wpb_wrapper\">\n\t\t\t<div class=\"nectar-cta  alignment_tablet_default alignment_phone_default display_tablet_inherit display_phone_inherit\" data-color=\"extra-color-2\" data-using-bg=\"true\" data-style=\"arrow-animation\" data-display=\"inline\" data-alignment=\"center\" data-text-color=\"custom\" style=\"--nectar-text-color: #ffffff; --nectar-button-color: var(--nectar-extra-color-2); --nectar-icon-gap: 10px; \"><span style=\"color: #ffffff;\" class=\"nectar-button-type\"><span class=\"link_wrap\" style=\"padding-top: 20px; padding-right: 40px; padding-bottom: 20px; padding-left: 40px;\"><a  class=\"link_text\" role=\"button\" href=\"https:\/\/appliancetechnician.ca\/fr\/reserver-la-reparation-dun-electromenager-en-ligne\/\"><span class=\"text\">Contactez-nous maintenant<\/span><svg class=\"next-arrow\" aria-hidden=\"true\" width=\"20px\" height=\"25px\" viewbox=\"0 0 50 80\" xml:space=\"preserve\">\n  <polyline stroke=\"#ffffff\" stroke-width=\"9\" fill=\"none\" stroke-linecap=\"round\" stroke-linejoin=\"round\" points=\"0, 0 45, 40 0, 80\"\/>\n  <\/svg>  <span aria-hidden=\"true\" class=\"line\"  style=\"background-color: #ffffff;\"><\/span> <\/a><\/span><\/span><\/div>\n\t\t<\/div> \n\t<\/div>\n\t<\/div> \n<\/div><\/div>\n\t\t\t<\/div> \n\t\t<\/div>\n\t<\/div> \n<\/div><\/div>\n\t\t<div id=\"fws_69f1fa3290de5\"  data-column-margin=\"default\" data-midnight=\"dark\"  class=\"wpb_row vc_row-fluid vc_row\"  style=\"padding-top: 50px; padding-bottom: 50px; \"><div class=\"row-bg-wrap\" data-bg-animation=\"none\" data-bg-animation-delay=\"\" data-bg-overlay=\"false\"><div class=\"inner-wrap row-bg-layer\" ><div class=\"row-bg viewport-desktop\"  style=\"\"><\/div><\/div><\/div><div class=\"row_col_wrap_12 col span_12 dark left\">\n\t<div style=\"margin-bottom: 20px; \" class=\"vc_col-sm-12 wpb_column column_container vc_column_container col no-extra-padding inherit_tablet inherit_phone\"  data-padding-pos=\"all\" data-has-bg-color=\"false\" data-bg-color=\"\" data-bg-opacity=\"1\" data-animation=\"\" data-delay=\"0\" >\n\t\t<div class=\"vc_column-inner\" >\n\t\t\t<div class=\"wpb_wrapper\">\n\t\t\t\t<div class=\"nectar-split-heading\" data-align=\"center\" data-m-align=\"inherit\" data-text-effect=\"none\" data-animation-type=\"line-reveal-by-space\" data-animation-delay=\"0\" data-animation-offset=\"\" data-m-rm-animation=\"\" data-stagger=\"\" data-custom-font-size=\"false\" ><h2 >Appareils \u00e9lectrom\u00e9nagers Electrolux que nous r\u00e9parons<\/h2><\/div>\n\t\t\t<\/div> \n\t\t<\/div>\n\t<\/div> \n\n\t<div  class=\"vc_col-sm-12 wpb_column column_container vc_column_container col no-extra-padding inherit_tablet inherit_phone\"  data-padding-pos=\"all\" data-has-bg-color=\"false\" data-bg-color=\"\" data-bg-opacity=\"1\" data-animation=\"\" data-delay=\"0\" >\n\t\t<div class=\"vc_column-inner\" >\n\t\t\t<div class=\"wpb_wrapper\">\n\t\t\t\t<div id=\"fws_69f1fa3291260\" data-midnight=\"\" data-column-margin=\"20px\" class=\"wpb_row vc_row-fluid vc_row inner_row vc_row-o-equal-height vc_row-flex\"  style=\"\"><div class=\"row-bg-wrap\"> <div class=\"row-bg\" ><\/div> <\/div><div class=\"row_col_wrap_12_inner col span_12  left\">\n\t<div style=\"\" class=\"vc_col-sm-1\/5 wpb_column column_container vc_column_container col child_column centered-text padding-2-percent inherit_tablet inherit_phone\"  data-using-bg=\"true\" data-shadow=\"small_depth\" data-padding-pos=\"all\" data-has-bg-color=\"true\" data-bg-color=\"#dddddd\" data-bg-opacity=\"1\" data-hover-bg=\"#ffffff\" data-hover-bg-opacity=\"1\" data-animation=\"\" data-delay=\"0\" >\n\t\t<div class=\"vc_column-inner\" ><div class=\"column-bg-overlay-wrap column-bg-layer\" data-bg-animation=\"none\"><div class=\"column-bg-overlay\" style=\"opacity: 1; background-color: #dddddd;\"><\/div><\/div>\n\t\t<div class=\"wpb_wrapper\">\n\t\t\t<div class=\"img-with-aniamtion-wrap center custom-size\" data-max-width=\"custom\" data-max-width-mobile=\"default\" data-shadow=\"none\" data-animation=\"none\" >\n      <div class=\"inner\">\n        <div class=\"hover-wrap\"> \n          <div class=\"hover-wrap-inner\">\n            <a href=\"https:\/\/appliancetechnician.ca\/fr\/reparation-de-laveuse-ottawa\/\" target=\"_self\" class=\"center\">\n              <img loading=\"lazy\" decoding=\"async\" class=\"img-with-animation skip-lazy\" data-delay=\"0\" height=\"185\" width=\"105\" data-animation=\"none\" src=\"https:\/\/appliancetechnician.ca\/wp-content\/uploads\/2021\/04\/washer.png\" alt=\"r\u00e9paration de laveuse\" title=\"\">\n            <\/a>\n          <\/div>\n        <\/div>\n        \n      <\/div>\n      <\/div>\n\t\t<\/div> \n\t<\/div>\n\t<\/div> \n\n\t<div style=\"\" class=\"vc_col-sm-1\/5 wpb_column column_container vc_column_container col child_column padding-2-percent inherit_tablet inherit_phone\"  data-using-bg=\"true\" data-shadow=\"small_depth\" data-padding-pos=\"all\" data-has-bg-color=\"true\" data-bg-color=\"#dddddd\" data-bg-opacity=\"1\" data-hover-bg=\"#ffffff\" data-hover-bg-opacity=\"1\" data-animation=\"\" data-delay=\"0\" >\n\t\t<div class=\"vc_column-inner\" ><div class=\"column-bg-overlay-wrap column-bg-layer\" data-bg-animation=\"none\"><div class=\"column-bg-overlay\" style=\"opacity: 1; background-color: #dddddd;\"><\/div><\/div>\n\t\t<div class=\"wpb_wrapper\">\n\t\t\t<div class=\"img-with-aniamtion-wrap center custom-size\" data-max-width=\"custom\" data-max-width-mobile=\"default\" data-shadow=\"none\" data-animation=\"none\" >\n      <div class=\"inner\">\n        <div class=\"hover-wrap\"> \n          <div class=\"hover-wrap-inner\">\n            <a href=\"https:\/\/appliancetechnician.ca\/fr\/reparation-de-secheuse-ottawa\/\" target=\"_self\" class=\"center\">\n              <img loading=\"lazy\" decoding=\"async\" class=\"img-with-animation skip-lazy\" data-delay=\"0\" height=\"185\" width=\"105\" data-animation=\"none\" src=\"https:\/\/appliancetechnician.ca\/wp-content\/uploads\/2021\/04\/dryer.png\" alt=\"s\u00e9choir\" title=\"\">\n            <\/a>\n          <\/div>\n        <\/div>\n        \n      <\/div>\n      <\/div>\n\t\t<\/div> \n\t<\/div>\n\t<\/div> \n\n\t<div style=\"\" class=\"vc_col-sm-1\/5 wpb_column column_container vc_column_container col child_column padding-2-percent inherit_tablet inherit_phone\"  data-using-bg=\"true\" data-shadow=\"small_depth\" data-padding-pos=\"all\" data-has-bg-color=\"true\" data-bg-color=\"#dddddd\" data-bg-opacity=\"1\" data-hover-bg=\"#ffffff\" data-hover-bg-opacity=\"1\" data-animation=\"\" data-delay=\"0\" >\n\t\t<div class=\"vc_column-inner\" ><div class=\"column-bg-overlay-wrap column-bg-layer\" data-bg-animation=\"none\"><div class=\"column-bg-overlay\" style=\"opacity: 1; background-color: #dddddd;\"><\/div><\/div>\n\t\t<div class=\"wpb_wrapper\">\n\t\t\t<div class=\"img-with-aniamtion-wrap center custom-size\" data-max-width=\"100%\" data-max-width-mobile=\"default\" data-shadow=\"none\" data-animation=\"none\"  style=\"margin-top: 35px; \">\n      <div class=\"inner\">\n        <div class=\"hover-wrap\"> \n          <div class=\"hover-wrap-inner\">\n            <a href=\"https:\/\/appliancetechnician.ca\/fr\/reparation-de-four-ottawa\/\" target=\"_self\" class=\"center\">\n              <img loading=\"lazy\" decoding=\"async\" class=\"img-with-animation skip-lazy\" data-delay=\"0\" height=\"150\" width=\"150\" data-animation=\"none\" src=\"https:\/\/appliancetechnician.ca\/wp-content\/uploads\/2023\/06\/Oven-150x150.webp\" alt=\"Four\" srcset=\"https:\/\/appliancetechnician.ca\/wp-content\/uploads\/2023\/06\/Oven-150x150.webp 150w, https:\/\/appliancetechnician.ca\/wp-content\/uploads\/2023\/06\/Oven-100x100.webp 100w, https:\/\/appliancetechnician.ca\/wp-content\/uploads\/2023\/06\/Oven-140x140.webp 140w, https:\/\/appliancetechnician.ca\/wp-content\/uploads\/2023\/06\/Oven.webp 252w\" sizes=\"auto, (max-width: 150px) 100vw, 150px\" title=\"\">\n            <\/a>\n          <\/div>\n        <\/div>\n        \n      <\/div>\n      <\/div>\n\t\t<\/div> \n\t<\/div>\n\t<\/div> \n\n\t<div style=\"\" class=\"vc_col-sm-1\/5 wpb_column column_container vc_column_container col child_column padding-1-percent inherit_tablet inherit_phone\"  data-using-bg=\"true\" data-shadow=\"small_depth\" data-padding-pos=\"all\" data-has-bg-color=\"true\" data-bg-color=\"#dddddd\" data-bg-opacity=\"1\" data-hover-bg=\"#ffffff\" data-hover-bg-opacity=\"1\" data-animation=\"\" data-delay=\"0\" >\n\t\t<div class=\"vc_column-inner\" ><div class=\"column-bg-overlay-wrap column-bg-layer\" data-bg-animation=\"none\"><div class=\"column-bg-overlay\" style=\"opacity: 1; background-color: #dddddd;\"><\/div><\/div>\n\t\t<div class=\"wpb_wrapper\">\n\t\t\t<div class=\"img-with-aniamtion-wrap center custom-size\" data-max-width=\"custom\" data-max-width-mobile=\"default\" data-shadow=\"none\" data-animation=\"none\" >\n      <div class=\"inner\">\n        <div class=\"hover-wrap\"> \n          <div class=\"hover-wrap-inner\">\n            <a href=\"https:\/\/appliancetechnician.ca\/fr\/reparation-de-lave-vaisselle-ottawa\/\" target=\"_self\" class=\"center\">\n              <img loading=\"lazy\" decoding=\"async\" class=\"img-with-animation skip-lazy\" data-delay=\"0\" height=\"185\" width=\"105\" data-animation=\"none\" src=\"https:\/\/appliancetechnician.ca\/wp-content\/uploads\/2021\/04\/dishwasher.png\" alt=\"lave-vaisselle\" title=\"\">\n            <\/a>\n          <\/div>\n        <\/div>\n        \n      <\/div>\n      <\/div>\n\t\t<\/div> \n\t<\/div>\n\t<\/div> \n\n\t<div style=\"\" class=\"vc_col-sm-1\/5 wpb_column column_container vc_column_container col child_column padding-2-percent inherit_tablet inherit_phone\"  data-using-bg=\"true\" data-shadow=\"small_depth\" data-padding-pos=\"all\" data-has-bg-color=\"true\" data-bg-color=\"#dddddd\" data-bg-opacity=\"1\" data-hover-bg=\"#ffffff\" data-hover-bg-opacity=\"1\" data-animation=\"\" data-delay=\"0\" >\n\t\t<div class=\"vc_column-inner\" ><div class=\"column-bg-overlay-wrap column-bg-layer\" data-bg-animation=\"none\"><div class=\"column-bg-overlay\" style=\"opacity: 1; background-color: #dddddd;\"><\/div><\/div>\n\t\t<div class=\"wpb_wrapper\">\n\t\t\t<div class=\"img-with-aniamtion-wrap center custom-size\" data-max-width=\"custom\" data-max-width-mobile=\"default\" data-shadow=\"none\" data-animation=\"none\" >\n      <div class=\"inner\">\n        <div class=\"hover-wrap\"> \n          <div class=\"hover-wrap-inner\">\n            <a href=\"https:\/\/appliancetechnician.ca\/fr\/reparation-de-refrigerateur-a-ottawa\/\" target=\"_self\" class=\"center\">\n              <img loading=\"lazy\" decoding=\"async\" class=\"img-with-animation skip-lazy\" data-delay=\"0\" height=\"185\" width=\"105\" data-animation=\"none\" src=\"https:\/\/appliancetechnician.ca\/wp-content\/uploads\/2021\/04\/refrigerator.png\" alt=\"r\u00e9frig\u00e9rateur\" title=\"\">\n            <\/a>\n          <\/div>\n        <\/div>\n        \n      <\/div>\n      <\/div>\n\t\t<\/div> \n\t<\/div>\n\t<\/div> \n<\/div><\/div>\n\t\t\t<\/div> \n\t\t<\/div>\n\t<\/div> \n<\/div><\/div>\n\t\t<div id=\"fws_69f1fa329208b\"  data-column-margin=\"default\" data-midnight=\"dark\"  class=\"wpb_row vc_row-fluid vc_row full-width-section has-row-bg-color\"  style=\"padding-top: 0px; padding-bottom: 50px; --row-bg-color: #f2f2f2;\"><div class=\"row-bg-wrap\" data-bg-animation=\"none\" data-bg-animation-delay=\"\" data-bg-overlay=\"false\"><div class=\"inner-wrap row-bg-layer\" ><div class=\"row-bg viewport-desktop using-bg-color\"  style=\"background-color: #f2f2f2; \"><\/div><\/div><\/div><div class=\"row_col_wrap_12 col span_12 dark left\">\n\t<div  class=\"vc_col-sm-12 wpb_column column_container vc_column_container col no-extra-padding inherit_tablet inherit_phone\"  data-padding-pos=\"all\" data-has-bg-color=\"false\" data-bg-color=\"\" data-bg-opacity=\"1\" data-animation=\"\" data-delay=\"0\" >\n\t\t<div class=\"vc_column-inner\" >\n\t\t\t<div class=\"wpb_wrapper\">\n\t\t\t\t\n\t<div class=\"wpb_content_element\" data-interval=\"0\">\n\t\t<div class=\"wpb_wrapper tabbed clearfix\" data-style=\"minimal_flexible\" data-animation=\"\" data-spacing=\"\" data-icon-size=\"24\" data-full-width-line=\"\" data-color-scheme=\"accent-color\" data-alignment=\"left\">\n\t\t\t<ul class=\"wpb_tabs_nav ui-tabs-nav clearfix\"><li class=\"tab-item active-tab\"><a role=\"button\" href=\"#tab-fridge\" class=\"active-tab\"><span>R\u00e9frig\u00e9rateur<\/span><\/a><\/li><li class=\"tab-item\"><a role=\"button\" href=\"#tab-dryer\" ><span>S\u00e9choir<\/span><\/a><\/li><li class=\"tab-item\"><a role=\"button\" href=\"#tab-dishwasher\" ><span>Lave-vaisselle<\/span><\/a><\/li><li class=\"tab-item\"><a role=\"button\" href=\"#tab-washer\" ><span>Machine \u00e0 laver<\/span><\/a><\/li><li class=\"tab-item\"><a role=\"button\" href=\"#tab-oven\" ><span>Four<\/span><\/a><\/li><\/ul>\n\n\t\t\t\n\t\t\t<div id=\"tab-fridge\" data-tab-icon=\"\" class=\"wpb_tab ui-tabs-panel wpb_ui-tabs-hide clearfix\">\n\t\t\t\t<div id=\"fws_69f1fa3292752\" data-midnight=\"\" data-column-margin=\"default\" class=\"wpb_row vc_row-fluid vc_row inner_row\"  style=\"\"><div class=\"row-bg-wrap\"> <div class=\"row-bg\" ><\/div> <\/div><div class=\"row_col_wrap_12_inner col span_12  left\">\n\t<div  class=\"vc_col-sm-8 wpb_column column_container vc_column_container col child_column no-extra-padding inherit_tablet inherit_phone\"   data-padding-pos=\"all\" data-has-bg-color=\"false\" data-bg-color=\"\" data-bg-opacity=\"1\" data-animation=\"\" data-delay=\"0\" >\n\t\t<div class=\"vc_column-inner\" >\n\t\t<div class=\"wpb_wrapper\">\n\t\t\t<div class=\"nectar-split-heading\" data-align=\"default\" data-m-align=\"inherit\" data-text-effect=\"none\" data-animation-type=\"line-reveal-by-space\" data-animation-delay=\"0\" data-animation-offset=\"\" data-m-rm-animation=\"\" data-stagger=\"\" data-custom-font-size=\"false\" ><h3 >R\u00e9paration de r\u00e9frig\u00e9rateur Electrolux : pr\u00e9server la fra\u00eecheur et la saveur<\/h3><\/div>\n<div class=\"wpb_text_column wpb_content_element\" >\n\t<p>Votre r\u00e9frig\u00e9rateur Electrolux est responsable de garder vos courses fra\u00eeches, de maintenir la qualit\u00e9 de vos ingr\u00e9dients et de pr\u00e9server les saveurs de vos aliments. Cependant, lorsque votre r\u00e9frig\u00e9rateur cesse de refroidir efficacement ou ressent des bruits inhabituels, cela peut \u00eatre inqui\u00e9tant. Faire appel aux services d\u2019Electrolux <a href=\"https:\/\/appliancetechnician.ca\/fr\/reparation-de-refrigerateur-a-ottawa\/\" target=\"_blank\" rel=\"noopener\">r\u00e9paration de r\u00e9frig\u00e9rateur<\/a> les sp\u00e9cialistes peuvent r\u00e9pondre efficacement \u00e0 ces pr\u00e9occupations. Nous poss\u00e9dons les connaissances et les outils n\u00e9cessaires pour diagnostiquer et r\u00e9parer une vari\u00e9t\u00e9 de probl\u00e8mes de r\u00e9frig\u00e9rateur. En confiant votre r\u00e9frig\u00e9rateur Electrolux \u00e0 nos mains comp\u00e9tentes, vous pourrez prolonger sa dur\u00e9e de vie et assurer des conditions optimales de conservation des aliments.<\/p>\n<\/div>\n\n\n\n<div class=\"nectar-cta  alignment_tablet_default alignment_phone_default display_tablet_inherit display_phone_inherit\" data-color=\"accent-color\" data-using-bg=\"true\" data-style=\"basic\" data-display=\"block\" data-alignment=\"left\" data-text-color=\"custom\" style=\"margin-top: 10px; margin-bottom: 10px;  --nectar-text-color: #ffffff; --nectar-button-color: var(--nectar-accent-color); --nectar-icon-gap: 10px; \"><span style=\"color: #ffffff;\" class=\"nectar-button-type\"><span class=\"link_wrap\" style=\"padding-top: 20px; padding-right: 50px; padding-bottom: 20px; padding-left: 50px;\"><a  class=\"link_text\" role=\"button\" href=\"https:\/\/appliancetechnician.ca\/fr\/reserver-la-reparation-dun-electromenager-en-ligne\/\"><span class=\"text\">Reserve maintenant<\/span><\/a><\/span><\/span><\/div>\n\t\t<\/div> \n\t<\/div>\n\t<\/div> \n\n\t<div  class=\"vc_col-sm-4 wpb_column column_container vc_column_container col child_column no-extra-padding inherit_tablet inherit_phone\"   data-padding-pos=\"all\" data-has-bg-color=\"false\" data-bg-color=\"\" data-bg-opacity=\"1\" data-animation=\"\" data-delay=\"0\" >\n\t\t<div class=\"vc_column-inner\" >\n\t\t<div class=\"wpb_wrapper\">\n\t\t\t<div class=\"img-with-aniamtion-wrap\" data-max-width=\"100%\" data-max-width-mobile=\"default\" data-shadow=\"none\" data-animation=\"none\" >\n      <div class=\"inner\">\n        <div class=\"hover-wrap\"> \n          <div class=\"hover-wrap-inner\">\n            <img loading=\"lazy\" decoding=\"async\" class=\"img-with-animation skip-lazy\" data-delay=\"0\" height=\"800\" width=\"1200\" data-animation=\"none\" src=\"https:\/\/appliancetechnician.ca\/wp-content\/uploads\/2023\/06\/electrolux-fridge.webp\" alt=\"R\u00e9frig\u00e9rateur Electrolux utilis\u00e9 par une femme\" srcset=\"https:\/\/appliancetechnician.ca\/wp-content\/uploads\/2023\/06\/electrolux-fridge.webp 1200w, https:\/\/appliancetechnician.ca\/wp-content\/uploads\/2023\/06\/electrolux-fridge-300x200.webp 300w, https:\/\/appliancetechnician.ca\/wp-content\/uploads\/2023\/06\/electrolux-fridge-1024x683.webp 1024w, https:\/\/appliancetechnician.ca\/wp-content\/uploads\/2023\/06\/electrolux-fridge-768x512.webp 768w, https:\/\/appliancetechnician.ca\/wp-content\/uploads\/2023\/06\/electrolux-fridge-900x600.webp 900w\" sizes=\"auto, (max-width: 1200px) 100vw, 1200px\" title=\"\">\n          <\/div>\n        <\/div>\n        \n      <\/div>\n    <\/div>\n\t\t<\/div> \n\t<\/div>\n\t<\/div> \n<\/div><\/div>\n\t\t\t<\/div> \n\t\t\t<div id=\"tab-dryer\" data-tab-icon=\"\" class=\"wpb_tab ui-tabs-panel wpb_ui-tabs-hide clearfix\">\n\t\t\t\t<div id=\"fws_69f1fa3292e8c\" data-midnight=\"\" data-column-margin=\"default\" class=\"wpb_row vc_row-fluid vc_row inner_row\"  style=\"\"><div class=\"row-bg-wrap\"> <div class=\"row-bg\" ><\/div> <\/div><div class=\"row_col_wrap_12_inner col span_12  left\">\n\t<div  class=\"vc_col-sm-8 wpb_column column_container vc_column_container col child_column no-extra-padding inherit_tablet inherit_phone\"   data-padding-pos=\"all\" data-has-bg-color=\"false\" data-bg-color=\"\" data-bg-opacity=\"1\" data-animation=\"\" data-delay=\"0\" >\n\t\t<div class=\"vc_column-inner\" >\n\t\t<div class=\"wpb_wrapper\">\n\t\t\t<div class=\"nectar-split-heading\" data-align=\"default\" data-m-align=\"inherit\" data-text-effect=\"none\" data-animation-type=\"line-reveal-by-space\" data-animation-delay=\"0\" data-animation-offset=\"\" data-m-rm-animation=\"\" data-stagger=\"\" data-custom-font-size=\"false\" ><h3 >R\u00e9paration de s\u00e9cheuse Electrolux\u00a0: s\u00e9cher efficacement votre linge<\/h3><\/div>\n<div class=\"wpb_text_column wpb_content_element\" >\n\t<p>Compl\u00e9tant le processus de lessive, votre s\u00e8che-linge Electrolux joue un r\u00f4le essentiel dans le s\u00e9chage efficace de vos v\u00eatements. Si votre s\u00e8che-linge commence \u00e0 \u00e9mettre des bruits \u00e9tranges ou ne parvient pas \u00e0 g\u00e9n\u00e9rer suffisamment de chaleur, cela peut \u00eatre frustrant. Electrolux <a href=\"https:\/\/appliancetechnician.ca\/fr\/reparation-de-secheuse-ottawa\/\" target=\"_blank\" rel=\"noopener\">service de r\u00e9paration de s\u00e8che-linge<\/a> Les fournisseurs sont sp\u00e9cialis\u00e9s dans l\u2019identification et la r\u00e9solution de ces probl\u00e8mes, garantissant ainsi le fonctionnement optimal de votre s\u00e8che-linge. Ils peuvent r\u00e9soudre des probl\u00e8mes tels que des \u00e9l\u00e9ments chauffants d\u00e9fectueux, des thermostats d\u00e9fectueux ou des courroies us\u00e9es. En confiant votre s\u00e8che-linge Electrolux \u00e0 leurs mains comp\u00e9tentes, vous pourrez restaurer son efficacit\u00e9 et profiter \u00e0 chaque fois de v\u00eatements parfaitement s\u00e9ch\u00e9s.<\/p>\n<\/div>\n\n\n\n<div class=\"nectar-cta  alignment_tablet_default alignment_phone_default display_tablet_inherit display_phone_inherit\" data-color=\"accent-color\" data-using-bg=\"true\" data-style=\"basic\" data-display=\"block\" data-alignment=\"left\" data-text-color=\"custom\" style=\"margin-top: 10px; margin-bottom: 10px;  --nectar-text-color: #ffffff; --nectar-button-color: var(--nectar-accent-color); --nectar-icon-gap: 10px; \"><span style=\"color: #ffffff;\" class=\"nectar-button-type\"><span class=\"link_wrap\" style=\"padding-top: 20px; padding-right: 50px; padding-bottom: 20px; padding-left: 50px;\"><a  class=\"link_text\" role=\"button\" href=\"https:\/\/appliancetechnician.ca\/fr\/reserver-la-reparation-dun-electromenager-en-ligne\/\"><span class=\"text\">Reserve maintenant<\/span><\/a><\/span><\/span><\/div>\n\t\t<\/div> \n\t<\/div>\n\t<\/div> \n\n\t<div  class=\"vc_col-sm-4 wpb_column column_container vc_column_container col child_column no-extra-padding inherit_tablet inherit_phone\"   data-padding-pos=\"all\" data-has-bg-color=\"false\" data-bg-color=\"\" data-bg-opacity=\"1\" data-animation=\"\" data-delay=\"0\" >\n\t\t<div class=\"vc_column-inner\" >\n\t\t<div class=\"wpb_wrapper\">\n\t\t\t<div class=\"img-with-aniamtion-wrap\" data-max-width=\"100%\" data-max-width-mobile=\"default\" data-shadow=\"none\" data-animation=\"none\" >\n      <div class=\"inner\">\n        <div class=\"hover-wrap\"> \n          <div class=\"hover-wrap-inner\">\n            <img loading=\"lazy\" decoding=\"async\" class=\"img-with-animation skip-lazy\" data-delay=\"0\" height=\"1201\" width=\"1200\" data-animation=\"none\" src=\"https:\/\/appliancetechnician.ca\/wp-content\/uploads\/2023\/06\/electrolux-dryer.webp\" alt=\"S\u00e8che-linge Electrolux dans la buanderie\" srcset=\"https:\/\/appliancetechnician.ca\/wp-content\/uploads\/2023\/06\/electrolux-dryer.webp 1200w, https:\/\/appliancetechnician.ca\/wp-content\/uploads\/2023\/06\/electrolux-dryer-300x300.webp 300w, https:\/\/appliancetechnician.ca\/wp-content\/uploads\/2023\/06\/electrolux-dryer-1024x1024.webp 1024w, https:\/\/appliancetechnician.ca\/wp-content\/uploads\/2023\/06\/electrolux-dryer-150x150.webp 150w, https:\/\/appliancetechnician.ca\/wp-content\/uploads\/2023\/06\/electrolux-dryer-768x769.webp 768w, https:\/\/appliancetechnician.ca\/wp-content\/uploads\/2023\/06\/electrolux-dryer-100x100.webp 100w, https:\/\/appliancetechnician.ca\/wp-content\/uploads\/2023\/06\/electrolux-dryer-140x140.webp 140w, https:\/\/appliancetechnician.ca\/wp-content\/uploads\/2023\/06\/electrolux-dryer-500x500.webp 500w, https:\/\/appliancetechnician.ca\/wp-content\/uploads\/2023\/06\/electrolux-dryer-350x350.webp 350w, https:\/\/appliancetechnician.ca\/wp-content\/uploads\/2023\/06\/electrolux-dryer-1000x1000.webp 1000w, https:\/\/appliancetechnician.ca\/wp-content\/uploads\/2023\/06\/electrolux-dryer-800x800.webp 800w\" sizes=\"auto, (max-width: 1200px) 100vw, 1200px\" title=\"\">\n          <\/div>\n        <\/div>\n        \n      <\/div>\n    <\/div>\n\t\t<\/div> \n\t<\/div>\n\t<\/div> \n<\/div><\/div>\n\t\t\t<\/div> \n\t\t\t<div id=\"tab-dishwasher\" data-tab-icon=\"\" class=\"wpb_tab ui-tabs-panel wpb_ui-tabs-hide clearfix\">\n\t\t\t\t<div id=\"fws_69f1fa3293336\" data-midnight=\"\" data-column-margin=\"default\" class=\"wpb_row vc_row-fluid vc_row inner_row\"  style=\"\"><div class=\"row-bg-wrap\"> <div class=\"row-bg\" ><\/div> <\/div><div class=\"row_col_wrap_12_inner col span_12  left\">\n\t<div  class=\"vc_col-sm-8 wpb_column column_container vc_column_container col child_column no-extra-padding inherit_tablet inherit_phone\"   data-padding-pos=\"all\" data-has-bg-color=\"false\" data-bg-color=\"\" data-bg-opacity=\"1\" data-animation=\"\" data-delay=\"0\" >\n\t\t<div class=\"vc_column-inner\" >\n\t\t<div class=\"wpb_wrapper\">\n\t\t\t<div class=\"nectar-split-heading\" data-align=\"default\" data-m-align=\"inherit\" data-text-effect=\"none\" data-animation-type=\"line-reveal-by-space\" data-animation-delay=\"0\" data-animation-offset=\"\" data-m-rm-animation=\"\" data-stagger=\"\" data-custom-font-size=\"false\" ><h3 >R\u00e9paration de lave-vaisselle Electrolux : des solutions efficaces pour une vaisselle d&#039;une propret\u00e9 \u00e9clatante<\/h3><\/div>\n<div class=\"wpb_text_column wpb_content_element\" >\n\t<p>Votre lave-vaisselle Electrolux est un v\u00e9ritable bourreau de travail, nettoyant sans rel\u00e2che votre vaisselle et vos couverts apr\u00e8s chaque repas. Cependant, s\u2019il commence \u00e0 sous-performer ou rencontre des probl\u00e8mes, cela peut perturber votre routine quotidienne. Notre Electrolux <a href=\"https:\/\/appliancetechnician.ca\/fr\/reparation-de-lave-vaisselle-ottawa\/\" target=\"_blank\" rel=\"noopener\">service de r\u00e9paration de lave-vaisselle<\/a> se sp\u00e9cialise dans le diagnostic et la r\u00e9solution d&#039;un large \u00e9ventail de probl\u00e8mes de lave-vaisselle, des filtres obstru\u00e9s aux pompes d\u00e9fectueuses. Gr\u00e2ce \u00e0 notre expertise, nous pouvons restaurer l\u2019efficacit\u00e9 de votre lave-vaisselle, vous laissant une vaisselle \u00e9tincelante de propret\u00e9 \u00e0 chaque fois.<\/p>\n<\/div>\n\n\n\n<div class=\"nectar-cta  alignment_tablet_default alignment_phone_default display_tablet_inherit display_phone_inherit\" data-color=\"accent-color\" data-using-bg=\"true\" data-style=\"basic\" data-display=\"block\" data-alignment=\"left\" data-text-color=\"custom\" style=\"margin-top: 10px; margin-bottom: 10px;  --nectar-text-color: #ffffff; --nectar-button-color: var(--nectar-accent-color); --nectar-icon-gap: 10px; \"><span style=\"color: #ffffff;\" class=\"nectar-button-type\"><span class=\"link_wrap\" style=\"padding-top: 20px; padding-right: 50px; padding-bottom: 20px; padding-left: 50px;\"><a  class=\"link_text\" role=\"button\" href=\"https:\/\/appliancetechnician.ca\/fr\/reserver-la-reparation-dun-electromenager-en-ligne\/\"><span class=\"text\">Reserve maintenant<\/span><\/a><\/span><\/span><\/div>\n\t\t<\/div> \n\t<\/div>\n\t<\/div> \n\n\t<div  class=\"vc_col-sm-4 wpb_column column_container vc_column_container col child_column no-extra-padding inherit_tablet inherit_phone\"   data-padding-pos=\"all\" data-has-bg-color=\"false\" data-bg-color=\"\" data-bg-opacity=\"1\" data-animation=\"\" data-delay=\"0\" >\n\t\t<div class=\"vc_column-inner\" >\n\t\t<div class=\"wpb_wrapper\">\n\t\t\t<div class=\"img-with-aniamtion-wrap\" data-max-width=\"100%\" data-max-width-mobile=\"default\" data-shadow=\"none\" data-animation=\"none\" >\n      <div class=\"inner\">\n        <div class=\"hover-wrap\"> \n          <div class=\"hover-wrap-inner\">\n            <img loading=\"lazy\" decoding=\"async\" class=\"img-with-animation skip-lazy\" data-delay=\"0\" height=\"800\" width=\"1200\" data-animation=\"none\" src=\"https:\/\/appliancetechnician.ca\/wp-content\/uploads\/2023\/06\/electrolux-dishwasher.webp\" alt=\"Lave-vaisselle Electrolux\" srcset=\"https:\/\/appliancetechnician.ca\/wp-content\/uploads\/2023\/06\/electrolux-dishwasher.webp 1200w, https:\/\/appliancetechnician.ca\/wp-content\/uploads\/2023\/06\/electrolux-dishwasher-300x200.webp 300w, https:\/\/appliancetechnician.ca\/wp-content\/uploads\/2023\/06\/electrolux-dishwasher-1024x683.webp 1024w, https:\/\/appliancetechnician.ca\/wp-content\/uploads\/2023\/06\/electrolux-dishwasher-768x512.webp 768w, https:\/\/appliancetechnician.ca\/wp-content\/uploads\/2023\/06\/electrolux-dishwasher-900x600.webp 900w\" sizes=\"auto, (max-width: 1200px) 100vw, 1200px\" title=\"\">\n          <\/div>\n        <\/div>\n        \n      <\/div>\n    <\/div>\n\t\t<\/div> \n\t<\/div>\n\t<\/div> \n<\/div><\/div>\n\t\t\t<\/div> \n\t\t\t<div id=\"tab-washer\" data-tab-icon=\"\" class=\"wpb_tab ui-tabs-panel wpb_ui-tabs-hide clearfix\">\n\t\t\t\t<div id=\"fws_69f1fa3293812\" data-midnight=\"\" data-column-margin=\"default\" class=\"wpb_row vc_row-fluid vc_row inner_row\"  style=\"\"><div class=\"row-bg-wrap\"> <div class=\"row-bg\" ><\/div> <\/div><div class=\"row_col_wrap_12_inner col span_12  left\">\n\t<div  class=\"vc_col-sm-8 wpb_column column_container vc_column_container col child_column no-extra-padding inherit_tablet inherit_phone\"   data-padding-pos=\"all\" data-has-bg-color=\"false\" data-bg-color=\"\" data-bg-opacity=\"1\" data-animation=\"\" data-delay=\"0\" >\n\t\t<div class=\"vc_column-inner\" >\n\t\t<div class=\"wpb_wrapper\">\n\t\t\t<div class=\"nectar-split-heading\" data-align=\"default\" data-m-align=\"inherit\" data-text-effect=\"none\" data-animation-type=\"line-reveal-by-space\" data-animation-delay=\"0\" data-animation-offset=\"\" data-m-rm-animation=\"\" data-stagger=\"\" data-custom-font-size=\"false\" ><h3 >R\u00e9paration de laveuse Electrolux\u00a0: dites adieu aux probl\u00e8mes de lessive<\/h3><\/div>\n<div class=\"wpb_text_column wpb_content_element\" >\n\t<p>La lessive fait in\u00e9vitablement partie de notre vie quotidienne et un lave-linge d\u00e9fectueux peut rapidement devenir un d\u00e9sagr\u00e9ment majeur. Ottawa Electrolux <a href=\"https:\/\/appliancetechnician.ca\/fr\/reparation-de-laveuse-ottawa\/\" target=\"_blank\" rel=\"noopener\">services de r\u00e9paration de laveuses<\/a> offrez une assistance experte pour r\u00e9soudre tout probl\u00e8me que vous pourriez rencontrer avec votre machine \u00e0 laver. Qu&#039;il s&#039;agisse d&#039;un moteur d\u00e9fectueux, d&#039;un loquet de porte cass\u00e9 ou de probl\u00e8mes d&#039;\u00e9vacuation de l&#039;eau, nos professionnels poss\u00e8dent les comp\u00e9tences n\u00e9cessaires pour diagnostiquer et r\u00e9parer votre laveuse Electrolux dans les plus brefs d\u00e9lais. En vous appuyant sur leur expertise, vous pourrez dire adieu aux soucis de lessive et profiter de v\u00eatements propres sans interruption.<\/p>\n<\/div>\n\n\n\n<div class=\"nectar-cta  alignment_tablet_default alignment_phone_default display_tablet_inherit display_phone_inherit\" data-color=\"accent-color\" data-using-bg=\"true\" data-style=\"basic\" data-display=\"block\" data-alignment=\"left\" data-text-color=\"custom\" style=\"margin-top: 10px; margin-bottom: 10px;  --nectar-text-color: #ffffff; --nectar-button-color: var(--nectar-accent-color); --nectar-icon-gap: 10px; \"><span style=\"color: #ffffff;\" class=\"nectar-button-type\"><span class=\"link_wrap\" style=\"padding-top: 20px; padding-right: 50px; padding-bottom: 20px; padding-left: 50px;\"><a  class=\"link_text\" role=\"button\" href=\"https:\/\/appliancetechnician.ca\/fr\/reserver-la-reparation-dun-electromenager-en-ligne\/\"><span class=\"text\">Reserve maintenant<\/span><\/a><\/span><\/span><\/div>\n\t\t<\/div> \n\t<\/div>\n\t<\/div> \n\n\t<div  class=\"vc_col-sm-4 wpb_column column_container vc_column_container col child_column no-extra-padding inherit_tablet inherit_phone\"   data-padding-pos=\"all\" data-has-bg-color=\"false\" data-bg-color=\"\" data-bg-opacity=\"1\" data-animation=\"\" data-delay=\"0\" >\n\t\t<div class=\"vc_column-inner\" >\n\t\t<div class=\"wpb_wrapper\">\n\t\t\t<div class=\"img-with-aniamtion-wrap\" data-max-width=\"100%\" data-max-width-mobile=\"default\" data-shadow=\"none\" data-animation=\"none\" >\n      <div class=\"inner\">\n        <div class=\"hover-wrap\"> \n          <div class=\"hover-wrap-inner\">\n            <img loading=\"lazy\" decoding=\"async\" class=\"img-with-animation skip-lazy\" data-delay=\"0\" height=\"795\" width=\"1200\" data-animation=\"none\" src=\"https:\/\/appliancetechnician.ca\/wp-content\/uploads\/2023\/06\/electrolux-washer.webp\" alt=\"Une buanderie avec laveuse Electrolux\" srcset=\"https:\/\/appliancetechnician.ca\/wp-content\/uploads\/2023\/06\/electrolux-washer.webp 1200w, https:\/\/appliancetechnician.ca\/wp-content\/uploads\/2023\/06\/electrolux-washer-300x199.webp 300w, https:\/\/appliancetechnician.ca\/wp-content\/uploads\/2023\/06\/electrolux-washer-1024x678.webp 1024w, https:\/\/appliancetechnician.ca\/wp-content\/uploads\/2023\/06\/electrolux-washer-768x509.webp 768w\" sizes=\"auto, (max-width: 1200px) 100vw, 1200px\" title=\"\">\n          <\/div>\n        <\/div>\n        \n      <\/div>\n    <\/div>\n\t\t<\/div> \n\t<\/div>\n\t<\/div> \n<\/div><\/div>\n\t\t\t<\/div> \n\t\t\t<div id=\"tab-oven\" data-tab-icon=\"\" class=\"wpb_tab ui-tabs-panel wpb_ui-tabs-hide clearfix\">\n\t\t\t\t<div id=\"fws_69f1fa3293d38\" data-midnight=\"\" data-column-margin=\"default\" class=\"wpb_row vc_row-fluid vc_row inner_row\"  style=\"\"><div class=\"row-bg-wrap\"> <div class=\"row-bg\" ><\/div> <\/div><div class=\"row_col_wrap_12_inner col span_12  left\">\n\t<div  class=\"vc_col-sm-8 wpb_column column_container vc_column_container col child_column no-extra-padding inherit_tablet inherit_phone\"   data-padding-pos=\"all\" data-has-bg-color=\"false\" data-bg-color=\"\" data-bg-opacity=\"1\" data-animation=\"\" data-delay=\"0\" >\n\t\t<div class=\"vc_column-inner\" >\n\t\t<div class=\"wpb_wrapper\">\n\t\t\t<div class=\"nectar-split-heading\" data-align=\"default\" data-m-align=\"inherit\" data-text-effect=\"none\" data-animation-type=\"line-reveal-by-space\" data-animation-delay=\"0\" data-animation-offset=\"\" data-m-rm-animation=\"\" data-stagger=\"\" data-custom-font-size=\"false\" ><h3 >R\u00e9paration de four Electrolux\u00a0: d\u00e9clencher l&#039;excellence culinaire<\/h3><\/div>\n<div class=\"wpb_text_column wpb_content_element\" >\n\t<p>Le c\u0153ur de toute cuisine est sans aucun doute le four, o\u00f9 les repas app\u00e9tissants prennent vie. Si votre four Electrolux montre des signes de dysfonctionnement, tels qu&#039;une temp\u00e9rature incoh\u00e9rente ou des commandes d\u00e9fectueuses, cela peut g\u00eaner vos efforts culinaires. Notre \u00e9lectrique <a href=\"https:\/\/appliancetechnician.ca\/fr\/reparation-de-four-ottawa\/\" target=\"_blank\" rel=\"noopener\">services de r\u00e9paration de fours<\/a> d\u00e9di\u00e9 aux appareils Electrolux peut d\u00e9panner et r\u00e9soudre ces probl\u00e8mes rapidement, garantissant ainsi le fonctionnement impeccable de votre four. Du remplacement des \u00e9l\u00e9ments chauffants d\u00e9fectueux au recalibrage des r\u00e9glages de temp\u00e9rature, leur expertise garantit le meilleur fonctionnement de votre four.<\/p>\n<\/div>\n\n\n\n<div class=\"nectar-cta  alignment_tablet_default alignment_phone_default display_tablet_inherit display_phone_inherit\" data-color=\"accent-color\" data-using-bg=\"true\" data-style=\"basic\" data-display=\"block\" data-alignment=\"left\" data-text-color=\"custom\" style=\"margin-top: 10px; margin-bottom: 10px;  --nectar-text-color: #ffffff; --nectar-button-color: var(--nectar-accent-color); --nectar-icon-gap: 10px; \"><span style=\"color: #ffffff;\" class=\"nectar-button-type\"><span class=\"link_wrap\" style=\"padding-top: 20px; padding-right: 50px; padding-bottom: 20px; padding-left: 50px;\"><a  class=\"link_text\" role=\"button\" href=\"https:\/\/appliancetechnician.ca\/fr\/reserver-la-reparation-dun-electromenager-en-ligne\/\"><span class=\"text\">Reserve maintenant<\/span><\/a><\/span><\/span><\/div>\n\t\t<\/div> \n\t<\/div>\n\t<\/div> \n\n\t<div  class=\"vc_col-sm-4 wpb_column column_container vc_column_container col child_column no-extra-padding inherit_tablet inherit_phone\"   data-padding-pos=\"all\" data-has-bg-color=\"false\" data-bg-color=\"\" data-bg-opacity=\"1\" data-animation=\"\" data-delay=\"0\" >\n\t\t<div class=\"vc_column-inner\" >\n\t\t<div class=\"wpb_wrapper\">\n\t\t\t<div class=\"img-with-aniamtion-wrap\" data-max-width=\"100%\" data-max-width-mobile=\"default\" data-shadow=\"none\" data-animation=\"none\" >\n      <div class=\"inner\">\n        <div class=\"hover-wrap\"> \n          <div class=\"hover-wrap-inner\">\n            <img loading=\"lazy\" decoding=\"async\" class=\"img-with-animation skip-lazy\" data-delay=\"0\" height=\"800\" width=\"1200\" data-animation=\"none\" src=\"https:\/\/appliancetechnician.ca\/wp-content\/uploads\/2023\/06\/electrolux-oven.webp\" alt=\"Femme satisfaite du four Electrolux\" srcset=\"https:\/\/appliancetechnician.ca\/wp-content\/uploads\/2023\/06\/electrolux-oven.webp 1200w, https:\/\/appliancetechnician.ca\/wp-content\/uploads\/2023\/06\/electrolux-oven-300x200.webp 300w, https:\/\/appliancetechnician.ca\/wp-content\/uploads\/2023\/06\/electrolux-oven-1024x683.webp 1024w, https:\/\/appliancetechnician.ca\/wp-content\/uploads\/2023\/06\/electrolux-oven-768x512.webp 768w, https:\/\/appliancetechnician.ca\/wp-content\/uploads\/2023\/06\/electrolux-oven-900x600.webp 900w\" sizes=\"auto, (max-width: 1200px) 100vw, 1200px\" title=\"\">\n          <\/div>\n        <\/div>\n        \n      <\/div>\n    <\/div>\n\t\t<\/div> \n\t<\/div>\n\t<\/div> \n<\/div><\/div>\n\t\t\t<\/div> \n\t\t<\/div> \n\t<\/div> \n\t\t\t<\/div> \n\t\t<\/div>\n\t<\/div> \n<\/div><\/div>\n\t\t<div id=\"fws_69f1fa329431d\"  data-column-margin=\"default\" data-midnight=\"dark\"  class=\"wpb_row vc_row-fluid vc_row\"  style=\"padding-top: 50px; padding-bottom: 20px; \"><div class=\"row-bg-wrap\" data-bg-animation=\"none\" data-bg-animation-delay=\"\" data-bg-overlay=\"false\"><div class=\"inner-wrap row-bg-layer\" ><div class=\"row-bg viewport-desktop\"  style=\"\"><\/div><\/div><\/div><div class=\"row_col_wrap_12 col span_12 dark left\">\n\t<div  class=\"vc_col-sm-12 wpb_column column_container vc_column_container col no-extra-padding inherit_tablet inherit_phone\"  data-padding-pos=\"all\" data-has-bg-color=\"false\" data-bg-color=\"\" data-bg-opacity=\"1\" data-animation=\"\" data-delay=\"0\" >\n\t\t<div class=\"vc_column-inner\" >\n\t\t\t<div class=\"wpb_wrapper\">\n\t\t\t\t<div class=\"nectar-split-heading\" data-align=\"center\" data-m-align=\"inherit\" data-text-effect=\"none\" data-animation-type=\"line-reveal-by-space\" data-animation-delay=\"0\" data-animation-offset=\"\" data-m-rm-animation=\"\" data-stagger=\"\" data-custom-font-size=\"false\" ><h2 >Codes d&#039;erreur Electrolux Vous pouvez voir<\/h2><\/div><div id=\"fws_69f1fa329468a\" data-midnight=\"\" data-column-margin=\"default\" class=\"wpb_row vc_row-fluid vc_row inner_row vc_row-o-equal-height vc_row-flex\"  style=\"padding-top: 20px; \"><div class=\"row-bg-wrap\"> <div class=\"row-bg\" ><\/div> <\/div><div class=\"row_col_wrap_12_inner col span_12  left\">\n\t<div style=\"\" class=\"vc_col-sm-3 wpb_column column_container vc_column_container col child_column padding-2-percent inherit_tablet inherit_phone\"  data-using-bg=\"true\" data-padding-pos=\"all\" data-has-bg-color=\"true\" data-bg-color=\"#f2f2f2\" data-bg-opacity=\"1\" data-animation=\"\" data-delay=\"0\" >\n\t\t<div class=\"vc_column-inner\" ><div class=\"column-bg-overlay-wrap column-bg-layer\" data-bg-animation=\"none\"><div class=\"column-bg-overlay\" style=\"opacity: 1; background-color: #f2f2f2;\"><\/div><\/div>\n\t\t<div class=\"wpb_wrapper\">\n\t\t\t\n<div class=\"wpb_text_column wpb_content_element\" >\n\t<h3>Probl\u00e8mes de laveuse Electrolux<\/h3>\n<p><strong>01E<\/strong><br \/>\nSignal de niveau d&#039;eau non re\u00e7u<\/p>\n<p><strong>02E<br \/>\n<\/strong>\u00c9tat de la porte non re\u00e7u<\/p>\n<p><strong>10E<br \/>\n<\/strong>Niveau d&#039;eau au-dessus du param\u00e8tre d\u00e9fini apr\u00e8s l&#039;\u00e9vacuation de l&#039;eau<\/p>\n<\/div>\n\n\n\n\n\t\t<\/div> \n\t<\/div>\n\t<\/div> \n\n\t<div style=\"\" class=\"vc_col-sm-3 wpb_column column_container vc_column_container col child_column padding-2-percent inherit_tablet inherit_phone\"  data-using-bg=\"true\" data-padding-pos=\"all\" data-has-bg-color=\"true\" data-bg-color=\"#f2f2f2\" data-bg-opacity=\"1\" data-animation=\"\" data-delay=\"0\" >\n\t\t<div class=\"vc_column-inner\" ><div class=\"column-bg-overlay-wrap column-bg-layer\" data-bg-animation=\"none\"><div class=\"column-bg-overlay\" style=\"opacity: 1; background-color: #f2f2f2;\"><\/div><\/div>\n\t\t<div class=\"wpb_wrapper\">\n\t\t\t\n<div class=\"wpb_text_column wpb_content_element\" >\n\t<h3>Probl\u00e8mes de lave-vaisselle Electrolux<\/h3>\n<p><strong>Er-01<br \/>\n<\/strong>Fuite d&#039;eau d\u00e9tect\u00e9e<\/p>\n<p><strong>Er-01<br \/>\n<\/strong>Panne du capteur de turbidit\u00e9<\/p>\n<p><strong>Er-03<br \/>\n<\/strong>Panne du moteur de lavage<\/p>\n<\/div>\n\n\n\n\n\t\t<\/div> \n\t<\/div>\n\t<\/div> \n\n\t<div style=\"\" class=\"vc_col-sm-3 wpb_column column_container vc_column_container col child_column padding-2-percent inherit_tablet inherit_phone\"  data-using-bg=\"true\" data-padding-pos=\"all\" data-has-bg-color=\"true\" data-bg-color=\"#f2f2f2\" data-bg-opacity=\"1\" data-animation=\"\" data-delay=\"0\" >\n\t\t<div class=\"vc_column-inner\" ><div class=\"column-bg-overlay-wrap column-bg-layer\" data-bg-animation=\"none\"><div class=\"column-bg-overlay\" style=\"opacity: 1; background-color: #f2f2f2;\"><\/div><\/div>\n\t\t<div class=\"wpb_wrapper\">\n\t\t\t\n<div class=\"wpb_text_column wpb_content_element\" >\n\t<h3>Probl\u00e8mes de r\u00e9frig\u00e9rateur Electrolux<\/h3>\n<p><strong>SY EDF 5Y EF<br \/>\n<\/strong>Circuit du ventilateur de l&#039;\u00e9vaporateur<\/p>\n<p><strong>SY CE 5A CE<br \/>\n<\/strong>La communication avec la carte de commande principale a \u00e9chou\u00e9<\/p>\n<p><strong>df<br \/>\n<\/strong>Circuit de d\u00e9givrage<\/p>\n<\/div>\n\n\n\n\n\t\t<\/div> \n\t<\/div>\n\t<\/div> \n\n\t<div style=\"\" class=\"vc_col-sm-3 wpb_column column_container vc_column_container col child_column padding-2-percent inherit_tablet inherit_phone\"  data-using-bg=\"true\" data-padding-pos=\"all\" data-has-bg-color=\"true\" data-bg-color=\"#f2f2f2\" data-bg-opacity=\"1\" data-animation=\"\" data-delay=\"0\" >\n\t\t<div class=\"vc_column-inner\" ><div class=\"column-bg-overlay-wrap column-bg-layer\" data-bg-animation=\"none\"><div class=\"column-bg-overlay\" style=\"opacity: 1; background-color: #f2f2f2;\"><\/div><\/div>\n\t\t<div class=\"wpb_wrapper\">\n\t\t\t\n<div class=\"wpb_text_column wpb_content_element\" >\n\t<h3>Probl\u00e8mes de cuisini\u00e8res Electrolux<\/h3>\n<p><strong>2<\/strong><br \/>\n\u00c9l\u00e9ment avant gauche La touche Bas est d\u00e9fectueuse<\/p>\n<p><strong>3<\/strong><br \/>\n\u00c9l\u00e9ment avant gauche La cl\u00e9 Up est d\u00e9fectueuse<\/p>\n<p><strong>4<\/strong><br \/>\nEl\u00e9ment avant gauche La cl\u00e9 marche\/arr\u00eat est d\u00e9fectueuse<\/p>\n<\/div>\n\n\n\n\n\t\t<\/div> \n\t<\/div>\n\t<\/div> \n<\/div><\/div>\n\t\t\t<\/div> \n\t\t<\/div>\n\t<\/div> \n<\/div><\/div>\n\t\t<div id=\"steps\"  data-column-margin=\"default\" data-midnight=\"dark\"  class=\"wpb_row vc_row-fluid vc_row vc_row-o-equal-height vc_row-flex vc_row-o-content-middle\"  style=\"padding-top: 50px; padding-bottom: 50px; \"><div class=\"row-bg-wrap\" data-bg-animation=\"none\" data-bg-animation-delay=\"\" data-bg-overlay=\"true\"><div class=\"inner-wrap row-bg-layer\" ><div class=\"row-bg viewport-desktop\"  style=\"\"><\/div><\/div><div class=\"row-bg-overlay row-bg-layer\" style=\"background-color:#ffffff;  opacity: 0.8; \"><\/div><\/div><div class=\"row_col_wrap_12 col span_12 dark left\">\n\t<div  class=\"vc_col-sm-6 vc_col-xs-12 wpb_column column_container vc_column_container col padding-2-percent inherit_tablet inherit_phone\"  data-padding-pos=\"top-bottom\" data-has-bg-color=\"false\" data-bg-color=\"\" data-bg-opacity=\"1\" data-animation=\"\" data-delay=\"0\" >\n\t\t<div class=\"vc_column-inner\" >\n\t\t\t<div class=\"wpb_wrapper\">\n\t\t\t\t<div class=\"nectar-split-heading\" data-align=\"default\" data-m-align=\"inherit\" data-text-effect=\"none\" data-animation-type=\"line-reveal-by-space\" data-animation-delay=\"0\" data-animation-offset=\"\" data-m-rm-animation=\"\" data-stagger=\"\" data-custom-font-size=\"false\" ><h2 >Le r\u00f4le d&#039;un technicien en \u00e9lectrom\u00e9nager<\/h2><\/div><div class=\"nectar-fancy-ul\" data-list-icon=\"icon-salient-thin-line\" data-animation=\"false\" data-animation-delay=\"0\" data-color=\"accent-color\" data-spacing=\"default\" data-alignment=\"left\"> Le technicien en \u00e9lectrom\u00e9nager joue un r\u00f4le crucial dans la r\u00e9paration et l\u2019entretien des appareils Electrolux. Nos professionnels qualifi\u00e9s poss\u00e8dent une connaissance approfondie des appareils Electrolux et sont capables de diagnostiquer les probl\u00e8mes avec pr\u00e9cision. De l\u2019identification des composants d\u00e9fectueux \u00e0 la mise en \u0153uvre de solutions de r\u00e9paration efficaces, les techniciens en \u00e9lectrom\u00e9nagers veillent \u00e0 ce que vos appareils retrouvent leurs performances optimales. Notre expertise vous fait gagner du temps et des efforts tout en vous assurant que vos appareils \u00e9lectrom\u00e9nagers sont entre de bonnes mains. <\/div>\n\t\t\t<\/div> \n\t\t<\/div>\n\t<\/div> \n\n\t<div  class=\"vc_col-sm-6 wpb_column column_container vc_column_container col no-extra-padding inherit_tablet inherit_phone\"  data-padding-pos=\"all\" data-has-bg-color=\"false\" data-bg-color=\"\" data-bg-opacity=\"1\" data-animation=\"\" data-delay=\"0\" >\n\t\t<div class=\"vc_column-inner\" >\n\t\t\t<div class=\"wpb_wrapper\">\n\t\t\t\t<div id=\"fws_69f1fa3294e8a\" data-midnight=\"\" data-column-margin=\"default\" class=\"wpb_row vc_row-fluid vc_row inner_row\"  style=\"\"><div class=\"row-bg-wrap\"> <div class=\"row-bg\" ><\/div> <\/div><div class=\"row_col_wrap_12_inner col span_12  left\">\n\t<div  class=\"vc_col-sm-4 wpb_column column_container vc_column_container col child_column no-extra-padding inherit_tablet inherit_phone\"   data-padding-pos=\"all\" data-has-bg-color=\"false\" data-bg-color=\"\" data-bg-opacity=\"1\" data-animation=\"\" data-delay=\"0\" >\n\t\t<div class=\"vc_column-inner\" >\n\t\t<div class=\"wpb_wrapper\">\n\t\t\t<div class=\"img-with-aniamtion-wrap center custom-size\" data-max-width=\"100%\" data-max-width-mobile=\"default\" data-shadow=\"none\" data-animation=\"none\" >\n      <div class=\"inner\">\n        <div class=\"hover-wrap\"> \n          <div class=\"hover-wrap-inner\">\n            <img loading=\"lazy\" decoding=\"async\" class=\"img-with-animation skip-lazy\" data-delay=\"0\" height=\"150\" width=\"150\" data-animation=\"none\" src=\"https:\/\/appliancetechnician.ca\/wp-content\/uploads\/2022\/10\/top3-rated-2022-1-150x150.jpg\" alt=\"r\u00e9paration d&#039;\u00e9lectrom\u00e9nager la mieux not\u00e9e\" srcset=\"https:\/\/appliancetechnician.ca\/wp-content\/uploads\/2022\/10\/top3-rated-2022-1-150x150.jpg 150w, https:\/\/appliancetechnician.ca\/wp-content\/uploads\/2022\/10\/top3-rated-2022-1-100x100.jpg 100w, https:\/\/appliancetechnician.ca\/wp-content\/uploads\/2022\/10\/top3-rated-2022-1-140x140.jpg 140w, https:\/\/appliancetechnician.ca\/wp-content\/uploads\/2022\/10\/top3-rated-2022-1-500x500.jpg 500w, https:\/\/appliancetechnician.ca\/wp-content\/uploads\/2022\/10\/top3-rated-2022-1-350x350.jpg 350w, https:\/\/appliancetechnician.ca\/wp-content\/uploads\/2022\/10\/top3-rated-2022-1-1000x1000.jpg 1000w, https:\/\/appliancetechnician.ca\/wp-content\/uploads\/2022\/10\/top3-rated-2022-1-800x800.jpg 800w\" sizes=\"auto, (max-width: 150px) 100vw, 150px\" title=\"\">\n          <\/div>\n        <\/div>\n        \n      <\/div>\n    <\/div>\n\t\t<\/div> \n\t<\/div>\n\t<\/div> \n\n\t<div  class=\"vc_col-sm-4 wpb_column column_container vc_column_container col child_column no-extra-padding inherit_tablet inherit_phone\"   data-padding-pos=\"all\" data-has-bg-color=\"false\" data-bg-color=\"\" data-bg-opacity=\"1\" data-animation=\"\" data-delay=\"0\" >\n\t\t<div class=\"vc_column-inner\" >\n\t\t<div class=\"wpb_wrapper\">\n\t\t\t<div class=\"img-with-aniamtion-wrap center custom-size\" data-max-width=\"100%\" data-max-width-mobile=\"default\" data-shadow=\"none\" data-animation=\"none\" >\n      <div class=\"inner\">\n        <div class=\"hover-wrap\"> \n          <div class=\"hover-wrap-inner\">\n            <img loading=\"lazy\" decoding=\"async\" class=\"img-with-animation skip-lazy\" data-delay=\"0\" height=\"150\" width=\"150\" data-animation=\"none\" src=\"https:\/\/appliancetechnician.ca\/wp-content\/uploads\/2022\/10\/Homestars-award-2019_2Logo-150x150.jpg\" alt=\"Badge HomeStars Best of Award Winner 2019 d\u00e9cern\u00e9 \u00e0 notre service de r\u00e9paration d&#039;\u00e9lectrom\u00e9nagers \u00e0 Ottawa.\" srcset=\"https:\/\/appliancetechnician.ca\/wp-content\/uploads\/2022\/10\/Homestars-award-2019_2Logo-150x150.jpg 150w, https:\/\/appliancetechnician.ca\/wp-content\/uploads\/2022\/10\/Homestars-award-2019_2Logo-100x100.jpg 100w, https:\/\/appliancetechnician.ca\/wp-content\/uploads\/2022\/10\/Homestars-award-2019_2Logo-140x140.jpg 140w, https:\/\/appliancetechnician.ca\/wp-content\/uploads\/2022\/10\/Homestars-award-2019_2Logo-500x500.jpg 500w, https:\/\/appliancetechnician.ca\/wp-content\/uploads\/2022\/10\/Homestars-award-2019_2Logo-350x350.jpg 350w, https:\/\/appliancetechnician.ca\/wp-content\/uploads\/2022\/10\/Homestars-award-2019_2Logo-1000x1000.jpg 1000w, https:\/\/appliancetechnician.ca\/wp-content\/uploads\/2022\/10\/Homestars-award-2019_2Logo-800x800.jpg 800w\" sizes=\"auto, (max-width: 150px) 100vw, 150px\" title=\"\">\n          <\/div>\n        <\/div>\n        \n      <\/div>\n    <\/div>\n\t\t<\/div> \n\t<\/div>\n\t<\/div> \n\n\t<div  class=\"vc_col-sm-4 wpb_column column_container vc_column_container col child_column no-extra-padding inherit_tablet inherit_phone\"   data-padding-pos=\"all\" data-has-bg-color=\"false\" data-bg-color=\"\" data-bg-opacity=\"1\" data-animation=\"\" data-delay=\"0\" >\n\t\t<div class=\"vc_column-inner\" >\n\t\t<div class=\"wpb_wrapper\">\n\t\t\t<div class=\"img-with-aniamtion-wrap center custom-size\" data-max-width=\"100%\" data-max-width-mobile=\"default\" data-shadow=\"none\" data-animation=\"none\" >\n      <div class=\"inner\">\n        <div class=\"hover-wrap\"> \n          <div class=\"hover-wrap-inner\">\n            <img loading=\"lazy\" decoding=\"async\" class=\"img-with-animation skip-lazy\" data-delay=\"0\" height=\"130\" width=\"187\" data-animation=\"none\" src=\"https:\/\/appliancetechnician.ca\/wp-content\/uploads\/2021\/04\/blue-seal-187-130-bbb-67263.png\" alt=\"Cote BBB appliancetechnician.ca\" title=\"\">\n          <\/div>\n        <\/div>\n        \n      <\/div>\n    <\/div>\n\t\t<\/div> \n\t<\/div>\n\t<\/div> \n<\/div><\/div><div id=\"fws_69f1fa329577f\" data-midnight=\"\" data-column-margin=\"default\" class=\"wpb_row vc_row-fluid vc_row inner_row\"  style=\"\"><div class=\"row-bg-wrap\"> <div class=\"row-bg\" ><\/div> <\/div><div class=\"row_col_wrap_12_inner col span_12  left\">\n\t<div  class=\"vc_col-sm-4 wpb_column column_container vc_column_container col child_column no-extra-padding inherit_tablet inherit_phone\"   data-padding-pos=\"all\" data-has-bg-color=\"false\" data-bg-color=\"\" data-bg-opacity=\"1\" data-animation=\"\" data-delay=\"0\" >\n\t\t<div class=\"vc_column-inner\" >\n\t\t<div class=\"wpb_wrapper\">\n\t\t\t<div class=\"img-with-aniamtion-wrap center\" data-max-width=\"100%\" data-max-width-mobile=\"default\" data-shadow=\"none\" data-animation=\"none\" >\n      <div class=\"inner\">\n        <div class=\"hover-wrap\"> \n          <div class=\"hover-wrap-inner\">\n            <img loading=\"lazy\" decoding=\"async\" class=\"img-with-animation skip-lazy\" data-delay=\"0\" height=\"100\" width=\"100\" data-animation=\"none\" src=\"\" alt=\"\" title=\"\">\n          <\/div>\n        <\/div>\n        \n      <\/div>\n    <\/div>\n\t\t<\/div> \n\t<\/div>\n\t<\/div> \n\n\t<div  class=\"vc_col-sm-4 wpb_column column_container vc_column_container col child_column no-extra-padding inherit_tablet inherit_phone\"   data-padding-pos=\"all\" data-has-bg-color=\"false\" data-bg-color=\"\" data-bg-opacity=\"1\" data-animation=\"\" data-delay=\"0\" >\n\t\t<div class=\"vc_column-inner\" >\n\t\t<div class=\"wpb_wrapper\">\n\t\t\t<div class=\"img-with-aniamtion-wrap center custom-size\" data-max-width=\"100%\" data-max-width-mobile=\"default\" data-shadow=\"none\" data-animation=\"none\" >\n      <div class=\"inner\">\n        <div class=\"hover-wrap\"> \n          <div class=\"hover-wrap-inner\">\n            <img loading=\"lazy\" decoding=\"async\" class=\"img-with-animation skip-lazy\" data-delay=\"0\" height=\"150\" width=\"150\" data-animation=\"none\" src=\"https:\/\/appliancetechnician.ca\/wp-content\/uploads\/2022\/10\/best-in-Ottawa-appliance-repair-services-150x150.jpg\" alt=\"Meilleure r\u00e9paration d&#039;appareils \u00e9lectrom\u00e9nagers \u00e0 Ottawa\" srcset=\"https:\/\/appliancetechnician.ca\/wp-content\/uploads\/2022\/10\/best-in-Ottawa-appliance-repair-services-150x150.jpg 150w, https:\/\/appliancetechnician.ca\/wp-content\/uploads\/2022\/10\/best-in-Ottawa-appliance-repair-services-100x100.jpg 100w, https:\/\/appliancetechnician.ca\/wp-content\/uploads\/2022\/10\/best-in-Ottawa-appliance-repair-services-140x140.jpg 140w, https:\/\/appliancetechnician.ca\/wp-content\/uploads\/2022\/10\/best-in-Ottawa-appliance-repair-services.jpg 250w\" sizes=\"auto, (max-width: 150px) 100vw, 150px\" title=\"\">\n          <\/div>\n        <\/div>\n        \n      <\/div>\n    <\/div>\n\t\t<\/div> \n\t<\/div>\n\t<\/div> \n\n\t<div  class=\"vc_col-sm-4 wpb_column column_container vc_column_container col child_column centered-text no-extra-padding inherit_tablet inherit_phone\"   data-padding-pos=\"all\" data-has-bg-color=\"false\" data-bg-color=\"\" data-bg-opacity=\"1\" data-animation=\"\" data-delay=\"0\" >\n\t\t<div class=\"vc_column-inner\" >\n\t\t<div class=\"wpb_wrapper\">\n\t\t\t<div class=\"img-with-aniamtion-wrap center custom-size position_desktop_relative top_position_desktop_30px\" data-max-width=\"100%\" data-max-width-mobile=\"default\" data-shadow=\"none\" data-animation=\"none\" >\n      <div class=\"inner\">\n        <div class=\"hover-wrap\"> \n          <div class=\"hover-wrap-inner\">\n            <img loading=\"lazy\" decoding=\"async\" class=\"img-with-animation skip-lazy\" data-delay=\"0\" height=\"118\" width=\"300\" data-animation=\"none\" src=\"https:\/\/appliancetechnician.ca\/wp-content\/uploads\/2022\/10\/google-guaranteed-badge2.png-300x118.webp\" alt=\"Badge Google\u00a0Garanti pour les services de r\u00e9paration d&#039;\u00e9lectrom\u00e9nagers \u00e0 Ottawa, indiquant les professionnels agr\u00e9\u00e9s, pr\u00e9s\u00e9lectionn\u00e9s et assur\u00e9s\" srcset=\"https:\/\/appliancetechnician.ca\/wp-content\/uploads\/2022\/10\/google-guaranteed-badge2.png-300x118.webp 300w, https:\/\/appliancetechnician.ca\/wp-content\/uploads\/2022\/10\/google-guaranteed-badge2.png.webp 636w\" sizes=\"auto, (max-width: 300px) 100vw, 300px\" title=\"\">\n          <\/div>\n        <\/div>\n        \n      <\/div>\n    <\/div>\n\t\t<\/div> \n\t<\/div>\n\t<\/div> \n<\/div><\/div>\n\t\t\t<\/div> \n\t\t<\/div>\n\t<\/div> \n<\/div><\/div>\n\t\t<div id=\"fws_69f1fa32967a2\"  data-column-margin=\"default\" data-midnight=\"dark\"  class=\"wpb_row vc_row-fluid vc_row full-width-section has-row-bg-color\"  style=\"padding-top: 20px; padding-bottom: 50px; --row-bg-color: #ffffff;\"><div class=\"row-bg-wrap\" data-bg-animation=\"none\" data-bg-animation-delay=\"\" data-bg-overlay=\"false\"><div class=\"inner-wrap row-bg-layer\" ><div class=\"row-bg viewport-desktop using-bg-color\"  style=\"background-color: #ffffff; \"><\/div><\/div><\/div><div class=\"row_col_wrap_12 col span_12 dark left\">\n\t<div  class=\"vc_col-sm-12 wpb_column column_container vc_column_container col no-extra-padding inherit_tablet inherit_phone\"  data-padding-pos=\"all\" data-has-bg-color=\"false\" data-bg-color=\"\" data-bg-opacity=\"1\" data-animation=\"\" data-delay=\"0\" >\n\t\t<div class=\"vc_column-inner\" >\n\t\t\t<div class=\"wpb_wrapper\">\n\t\t\t\t<div class=\"testimonial_slider span_12 col\" data-color=\"accent-color-dark\" data-rating-color=\"accent-color\" data-controls=\"default\" data-add-border=\"\" data-autorotate=\"7000\" data-style=\"multiple_visible\" ><div class=\"slides\"><div class=\"flickity-viewport\"> <div class=\"flickity-slider\"><blockquote> <div data-shadow=\"\" class=\"image-icon has-bg\" style=\"background-image: url(https:\/\/appliancetechnician.ca\/wp-content\/uploads\/2023\/05\/Mike.png);\">\u201c<\/div> <p>J&#039;ai appel\u00e9 le matin et mon lave-vaisselle fonctionnait avant midi. Le technicien \u00e9tait super, poli et tr\u00e8s comp\u00e9tent. J&#039;appellerai \u00e0 nouveau un technicien en \u00e9lectrom\u00e9nager si j&#039;ai besoin de services de r\u00e9paration d&#039;appareils \u00e9lectrom\u00e9nagers le jour m\u00eame \u00e0 Ottawa. <span role=\"none\" class=\"bottom-arrow\"><\/span><\/p><span class=\"testimonial-name\">Mike McAuliffe<\/span><span class=\"title\"><\/span><\/blockquote><blockquote> <div data-shadow=\"\" class=\"image-icon has-bg\" style=\"background-image: url(https:\/\/appliancetechnician.ca\/wp-content\/uploads\/2023\/05\/David-Brennan.png);\">\u201c<\/div> <p>Paul est arriv\u00e9 le jour m\u00eame o\u00f9 j&#039;ai pass\u00e9 mon appel de service et \u00e9tait tr\u00e8s comp\u00e9tent et efficace. Il a r\u00e9solu mon probl\u00e8me imm\u00e9diatement et c&#039;\u00e9tait un plaisir de travailler avec lui. Je les utiliserai certainement \u00e0 nouveau et je recommande vivement aux autres de le faire \u00e9galement. Merci!&quot; <span role=\"none\" class=\"bottom-arrow\"><\/span><\/p><span class=\"testimonial-name\">David Brennan<\/span><span class=\"title\"><\/span><\/blockquote><blockquote> <div data-shadow=\"\" class=\"image-icon has-bg\" style=\"background-image: url(https:\/\/appliancetechnician.ca\/wp-content\/uploads\/2023\/05\/Bryan-Muir.png);\">\u201c<\/div> <p>Yuri a r\u00e9par\u00e9 ma machine \u00e0 laver. Il \u00e9tait tr\u00e8s sympathique et poli. Il avait avec lui les pi\u00e8ces n\u00e9cessaires pour r\u00e9parer la machine et \u00e9tait capable de diagnostiquer les probl\u00e8mes tr\u00e8s rapidement, de sorte que la machine \u00e9tait pr\u00eate \u00e0 fonctionner environ une heure apr\u00e8s l&#039;arriv\u00e9e de Yuri. Le prix \u00e9tait \u00e9galement raisonnable. <span role=\"none\" class=\"bottom-arrow\"><\/span><\/p><span class=\"testimonial-name\">Bryan Muir<\/span><span class=\"title\"><\/span><\/blockquote><blockquote> <div data-shadow=\"\" class=\"image-icon has-bg\" style=\"background-image: url(https:\/\/appliancetechnician.ca\/wp-content\/uploads\/2023\/05\/AE.png);\">\u201c<\/div> <p>J&#039;ai appel\u00e9 plusieurs ateliers de r\u00e9paration d&#039;\u00e9lectrom\u00e9nagers qui m&#039;ont dit qu&#039;ils ne r\u00e9paraient pas le s\u00e8che-linge Bloomberg. Le technicien en \u00e9lectrom\u00e9nager \u00e9tait l&#039;un des rares. Je suis extr\u00eamement satisfait de la qualit\u00e9 du service que j&#039;ai re\u00e7u de la r\u00e9ceptionniste qui a transmis mon appel au technicien qui a rapidement \u00e9valu\u00e9 et r\u00e9solu le probl\u00e8me. <span role=\"none\" class=\"bottom-arrow\"><\/span><\/p><span class=\"testimonial-name\">AE<\/span><span class=\"title\"><\/span><\/blockquote><\/div><\/div><\/div><\/div>\n\t\t\t<\/div> \n\t\t<\/div>\n\t<\/div> \n<\/div><\/div>\n\t\t<div id=\"fws_69f1fa3296f4e\"  data-column-margin=\"default\" data-midnight=\"dark\"  class=\"wpb_row vc_row-fluid vc_row full-width-section has-row-bg-color  top_padding_tablet_80px top_padding_phone_40px bottom_padding_tablet_80px bottom_padding_phone_40px\"  style=\"padding-top: 50px; padding-bottom: 0px; --row-bg-color: #f4f4f4;\"><div class=\"row-bg-wrap\" data-bg-animation=\"none\" data-bg-animation-delay=\"\" data-bg-overlay=\"false\"><div class=\"inner-wrap row-bg-layer\" ><div class=\"row-bg viewport-desktop using-bg-color\"  style=\"background-color: #f4f4f4; \"><\/div><\/div><\/div><div class=\"row_col_wrap_12 col span_12 dark left\">\n\t<div style=\"margin-top: 20px; margin-bottom: 20px; \" class=\"vc_col-sm-12 wpb_column column_container vc_column_container col centered-text no-extra-padding inherit_tablet inherit_phone\"  data-padding-pos=\"all\" data-has-bg-color=\"false\" data-bg-color=\"\" data-bg-opacity=\"1\" data-animation=\"\" data-delay=\"0\" >\n\t\t<div class=\"vc_column-inner\" >\n\t\t\t<div class=\"wpb_wrapper\">\n\t\t\t\t<div class=\"nectar-split-heading\" data-align=\"center\" data-m-align=\"center\" data-text-effect=\"none\" data-animation-type=\"line-reveal-by-space\" data-animation-delay=\"0\" data-animation-offset=\"\" data-m-rm-animation=\"\" data-stagger=\"\" data-custom-font-size=\"false\" ><h2 >Nous sommes \u00e9galement sp\u00e9cialis\u00e9s dans d&#039;autres marques<\/h2><\/div>\n\t\t\t<\/div> \n\t\t<\/div>\n\t<\/div> \n\n\t<div style=\"margin-bottom: 20px; \" class=\"vc_col-sm-12 wpb_column column_container vc_column_container col no-extra-padding inherit_tablet inherit_phone\"  data-padding-pos=\"all\" data-has-bg-color=\"false\" data-bg-color=\"\" data-bg-opacity=\"1\" data-animation=\"\" data-delay=\"0\" >\n\t\t<div class=\"vc_column-inner\" >\n\t\t\t<div class=\"wpb_wrapper\">\n\t\t\t\t<div id=\"fws_69f1fa3297166\" data-midnight=\"\" data-column-margin=\"40px\" class=\"wpb_row vc_row-fluid vc_row inner_row vc_row-o-equal-height vc_row-flex vc_row-o-content-middle vc_custom_1684581553114 brands\"  style=\"\"><div class=\"row-bg-wrap\"> <div class=\"row-bg\" ><\/div> <\/div><div class=\"row_col_wrap_12_inner col span_12  left\">\n\t<div  class=\"vc_col-sm-2 vc_col-lg-2 vc_col-md-2 vc_col-xs-6 wpb_column column_container vc_column_container col child_column no-extra-padding inherit_tablet inherit_phone\"   data-padding-pos=\"all\" data-has-bg-color=\"false\" data-bg-color=\"\" data-bg-opacity=\"1\" data-animation=\"\" data-delay=\"0\" >\n\t\t<div class=\"vc_column-inner\" >\n\t\t<div class=\"wpb_wrapper\">\n\t\t\t<div class=\"img-with-aniamtion-wrap center\" data-max-width=\"100%\" data-max-width-mobile=\"default\" data-shadow=\"none\" data-animation=\"none\"  style=\"margin-top: 15px; margin-bottom: 15px; \">\n      <div class=\"inner\">\n        <div class=\"hover-wrap\" data-hover-animation=\"color-overlay\"> <div class=\"color-overlay\" style=\"background-color: #f7f7f7;\"><\/div>\n          <div class=\"hover-wrap-inner\">\n            <a href=\"https:\/\/appliancetechnician.ca\/fr\/reparation-dappareil-samsung\/\" target=\"_self\" class=\"center\">\n              <img loading=\"lazy\" decoding=\"async\" class=\"img-with-animation skip-lazy\" data-delay=\"0\" height=\"830\" width=\"2500\" data-animation=\"none\" src=\"https:\/\/appliancetechnician.ca\/wp-content\/uploads\/2021\/06\/samsung-black.svg\" alt=\"R\u00e9paration d&#039;\u00e9lectrom\u00e9nager Samsung\" title=\"\">\n            <\/a>\n          <\/div>\n        <\/div>\n        \n      <\/div>\n      <\/div>\n\t\t<\/div> \n\t<\/div>\n\t<\/div> \n\n\t<div  class=\"vc_col-sm-2 vc_col-lg-2 vc_col-md-2 vc_col-xs-6 wpb_column column_container vc_column_container col child_column no-extra-padding inherit_tablet inherit_phone\"   data-padding-pos=\"all\" data-has-bg-color=\"false\" data-bg-color=\"\" data-bg-opacity=\"1\" data-animation=\"\" data-delay=\"0\" >\n\t\t<div class=\"vc_column-inner\" >\n\t\t<div class=\"wpb_wrapper\">\n\t\t\t<div class=\"img-with-aniamtion-wrap center\" data-max-width=\"100%\" data-max-width-mobile=\"default\" data-shadow=\"none\" data-animation=\"none\"  style=\"margin-top: 15px; margin-bottom: 15px; \">\n      <div class=\"inner\">\n        <div class=\"hover-wrap\" data-hover-animation=\"color-overlay\"> <div class=\"color-overlay\" style=\"background-color: #f7f7f7;\"><\/div>\n          <div class=\"hover-wrap-inner\">\n            <a href=\"https:\/\/appliancetechnician.ca\/fr\/reparation-electromenager-lg\/\" target=\"_self\" class=\"center\">\n              <img loading=\"lazy\" decoding=\"async\" class=\"img-with-animation skip-lazy\" data-delay=\"0\" height=\"1024\" width=\"2150\" data-animation=\"none\" src=\"https:\/\/appliancetechnician.ca\/wp-content\/uploads\/2021\/06\/lg-electronics-black.svg\" alt=\"R\u00e9paration d&#039;\u00e9lectrom\u00e9nager LG\" title=\"\">\n            <\/a>\n          <\/div>\n        <\/div>\n        \n      <\/div>\n      <\/div>\n\t\t<\/div> \n\t<\/div>\n\t<\/div> \n\n\t<div  class=\"vc_col-sm-2 vc_col-lg-2 vc_col-md-2 vc_col-xs-6 wpb_column column_container vc_column_container col child_column no-extra-padding inherit_tablet inherit_phone\"   data-padding-pos=\"all\" data-has-bg-color=\"false\" data-bg-color=\"\" data-bg-opacity=\"1\" data-animation=\"\" data-delay=\"0\" >\n\t\t<div class=\"vc_column-inner\" >\n\t\t<div class=\"wpb_wrapper\">\n\t\t\t<div class=\"img-with-aniamtion-wrap center\" data-max-width=\"100%\" data-max-width-mobile=\"default\" data-shadow=\"none\" data-animation=\"none\"  style=\"margin-top: 15px; margin-bottom: 15px; \">\n      <div class=\"inner\">\n        <div class=\"hover-wrap\" data-hover-animation=\"color-overlay\"> <div class=\"color-overlay\" style=\"background-color: #f7f7f7;\"><\/div>\n          <div class=\"hover-wrap-inner\">\n            <a href=\"https:\/\/appliancetechnician.ca\/fr\/reparation-dappareil-jenn-air\/\" target=\"_self\" class=\"center\">\n              <img loading=\"lazy\" decoding=\"async\" class=\"img-with-animation skip-lazy\" data-delay=\"0\" height=\"224\" width=\"2428\" data-animation=\"none\" src=\"https:\/\/appliancetechnician.ca\/wp-content\/uploads\/2021\/06\/jenn-air.svg\" alt=\"Jenn-air\" title=\"\">\n            <\/a>\n          <\/div>\n        <\/div>\n        \n      <\/div>\n      <\/div>\n\t\t<\/div> \n\t<\/div>\n\t<\/div> \n\n\t<div  class=\"vc_col-sm-2 vc_col-lg-2 vc_col-md-2 vc_col-xs-6 wpb_column column_container vc_column_container col child_column no-extra-padding inherit_tablet inherit_phone\"   data-padding-pos=\"all\" data-has-bg-color=\"false\" data-bg-color=\"\" data-bg-opacity=\"1\" data-animation=\"\" data-delay=\"0\" >\n\t\t<div class=\"vc_column-inner\" >\n\t\t<div class=\"wpb_wrapper\">\n\t\t\t<div class=\"img-with-aniamtion-wrap center\" data-max-width=\"100%\" data-max-width-mobile=\"default\" data-shadow=\"none\" data-animation=\"none\"  style=\"margin-top: 15px; margin-bottom: 15px; \">\n      <div class=\"inner\">\n        <div class=\"hover-wrap\" data-hover-animation=\"color-overlay\"> <div class=\"color-overlay\" style=\"background-color: #f7f7f7;\"><\/div>\n          <div class=\"hover-wrap-inner\">\n            <a href=\"https:\/\/appliancetechnician.ca\/fr\/reparation-dappareils-kitchenaid\/\" target=\"_self\" class=\"center\">\n              <img loading=\"lazy\" decoding=\"async\" class=\"img-with-animation skip-lazy\" data-delay=\"0\" height=\"208\" width=\"2428\" data-animation=\"none\" src=\"https:\/\/appliancetechnician.ca\/wp-content\/uploads\/2021\/06\/kitchen-aid.svg\" alt=\"Aide culinaire\" title=\"\">\n            <\/a>\n          <\/div>\n        <\/div>\n        \n      <\/div>\n      <\/div>\n\t\t<\/div> \n\t<\/div>\n\t<\/div> \n\n\t<div  class=\"vc_col-sm-2 vc_col-lg-offset-0 vc_col-lg-2 vc_col-md-offset-0 vc_col-md-2 vc_col-xs-6 wpb_column column_container vc_column_container col child_column no-extra-padding right_margin_tablet_auto right_margin_phone_auto left_margin_tablet_auto left_margin_phone_auto inherit_tablet inherit_phone\"   data-padding-pos=\"all\" data-has-bg-color=\"false\" data-bg-color=\"\" data-bg-opacity=\"1\" data-animation=\"\" data-delay=\"0\" >\n\t\t<div class=\"vc_column-inner\" >\n\t\t<div class=\"wpb_wrapper\">\n\t\t\t<div class=\"img-with-aniamtion-wrap center\" data-max-width=\"100%\" data-max-width-mobile=\"default\" data-shadow=\"none\" data-animation=\"none\"  style=\"margin-top: 15px; margin-bottom: 15px; \">\n      <div class=\"inner\">\n        <div class=\"hover-wrap\" data-hover-animation=\"color-overlay\"> <div class=\"color-overlay\" style=\"background-color: #f7f7f7;\"><\/div>\n          <div class=\"hover-wrap-inner\">\n            <img loading=\"lazy\" decoding=\"async\" class=\"img-with-animation skip-lazy\" data-delay=\"0\" height=\"20\" width=\"71\" data-animation=\"none\" src=\"https:\/\/appliancetechnician.ca\/wp-content\/uploads\/2021\/06\/amana-appliances.svg\" alt=\"R\u00e9paration d&#039;appareils Amana\" title=\"\">\n          <\/div>\n        <\/div>\n        \n      <\/div>\n    <\/div>\n\t\t<\/div> \n\t<\/div>\n\t<\/div> \n\n\t<div  class=\"vc_col-sm-2 vc_col-lg-2 vc_col-md-2 vc_col-xs-6 wpb_column column_container vc_column_container col child_column no-extra-padding right_margin_tablet_auto right_margin_phone_auto left_margin_tablet_auto left_margin_phone_auto inherit_tablet inherit_phone\"   data-padding-pos=\"all\" data-has-bg-color=\"false\" data-bg-color=\"\" data-bg-opacity=\"1\" data-animation=\"\" data-delay=\"0\" >\n\t\t<div class=\"vc_column-inner\" >\n\t\t<div class=\"wpb_wrapper\">\n\t\t\t<div class=\"img-with-aniamtion-wrap center\" data-max-width=\"100%\" data-max-width-mobile=\"default\" data-shadow=\"none\" data-animation=\"none\"  style=\"margin-top: 15px; margin-bottom: 15px; \">\n      <div class=\"inner\">\n        <div class=\"hover-wrap\" data-hover-animation=\"color-overlay\"> <div class=\"color-overlay\" style=\"background-color: #f7f7f7;\"><\/div>\n          <div class=\"hover-wrap-inner\">\n            <a href=\"https:\/\/appliancetechnician.ca\/fr\/reparation-delectromenager-electrolux\/\" target=\"_self\" class=\"center\">\n              <img loading=\"lazy\" decoding=\"async\" class=\"img-with-animation skip-lazy\" data-delay=\"0\" height=\"228\" width=\"999\" data-animation=\"none\" src=\"https:\/\/appliancetechnician.ca\/wp-content\/uploads\/2021\/06\/electrolux-black.svg\" alt=\"R\u00e9paration d&#039;\u00e9lectrom\u00e9nager Electrolux\" title=\"\">\n            <\/a>\n          <\/div>\n        <\/div>\n        \n      <\/div>\n      <\/div>\n\t\t<\/div> \n\t<\/div>\n\t<\/div> \n<\/div><\/div><div id=\"fws_69f1fa32981d8\" data-midnight=\"\" data-column-margin=\"40px\" class=\"wpb_row vc_row-fluid vc_row inner_row vc_row-o-equal-height vc_row-flex vc_row-o-content-middle brands\"  style=\"\"><div class=\"row-bg-wrap\"> <div class=\"row-bg\" ><\/div> <\/div><div class=\"row_col_wrap_12_inner col span_12  left\">\n\t<div  class=\"vc_col-sm-2 vc_col-lg-2 vc_col-md-2 vc_col-xs-6 wpb_column column_container vc_column_container col child_column no-extra-padding inherit_tablet inherit_phone\"   data-padding-pos=\"all\" data-has-bg-color=\"false\" data-bg-color=\"\" data-bg-opacity=\"1\" data-animation=\"\" data-delay=\"0\" >\n\t\t<div class=\"vc_column-inner\" >\n\t\t<div class=\"wpb_wrapper\">\n\t\t\t<div class=\"img-with-aniamtion-wrap center\" data-max-width=\"100%\" data-max-width-mobile=\"default\" data-shadow=\"none\" data-animation=\"none\"  style=\"margin-top: 15px; margin-bottom: 15px; \">\n      <div class=\"inner\">\n        <div class=\"hover-wrap\" data-hover-animation=\"color-overlay\"> <div class=\"color-overlay\" style=\"background-color: #f7f7f7;\"><\/div>\n          <div class=\"hover-wrap-inner\">\n            <a href=\"https:\/\/appliancetechnician.ca\/fr\/reparation-dappareils-a-remous\/\" target=\"_self\" class=\"center\">\n              <img loading=\"lazy\" decoding=\"async\" class=\"img-with-animation skip-lazy\" data-delay=\"0\" height=\"1216\" width=\"2280\" data-animation=\"none\" src=\"https:\/\/appliancetechnician.ca\/wp-content\/uploads\/2021\/06\/whirpool-black.svg\" alt=\"R\u00e9paration d&#039;appareil Whirlpool\" title=\"\">\n            <\/a>\n          <\/div>\n        <\/div>\n        \n      <\/div>\n      <\/div>\n\t\t<\/div> \n\t<\/div>\n\t<\/div> \n\n\t<div  class=\"vc_col-sm-2 vc_col-lg-2 vc_col-md-2 vc_col-xs-6 wpb_column column_container vc_column_container col child_column no-extra-padding inherit_tablet inherit_phone\"   data-padding-pos=\"all\" data-has-bg-color=\"false\" data-bg-color=\"\" data-bg-opacity=\"1\" data-animation=\"\" data-delay=\"0\" >\n\t\t<div class=\"vc_column-inner\" >\n\t\t<div class=\"wpb_wrapper\">\n\t\t\t<div class=\"img-with-aniamtion-wrap center\" data-max-width=\"100%\" data-max-width-mobile=\"default\" data-shadow=\"none\" data-animation=\"none\"  style=\"margin-top: 15px; margin-bottom: 15px; \">\n      <div class=\"inner\">\n        <div class=\"hover-wrap\" data-hover-animation=\"color-overlay\"> <div class=\"color-overlay\" style=\"background-color: #f7f7f7;\"><\/div>\n          <div class=\"hover-wrap-inner\">\n            <a href=\"https:\/\/appliancetechnician.ca\/fr\/reparation-dappareil-frigidaire\/\" target=\"_self\" class=\"center\">\n              <img loading=\"lazy\" decoding=\"async\" class=\"img-with-animation skip-lazy\" data-delay=\"0\" height=\"6\" width=\"36\" data-animation=\"none\" src=\"https:\/\/appliancetechnician.ca\/wp-content\/uploads\/2021\/05\/frigidaire-appliance.svg\" alt=\"Services de r\u00e9paration d&#039;appareils Frigidaire\" title=\"\">\n            <\/a>\n          <\/div>\n        <\/div>\n        \n      <\/div>\n      <\/div>\n\t\t<\/div> \n\t<\/div>\n\t<\/div> \n\n\t<div  class=\"vc_col-sm-2 vc_col-lg-2 vc_col-md-2 vc_col-xs-6 wpb_column column_container vc_column_container col child_column no-extra-padding inherit_tablet inherit_phone\"   data-padding-pos=\"all\" data-has-bg-color=\"false\" data-bg-color=\"\" data-bg-opacity=\"1\" data-animation=\"\" data-delay=\"0\" >\n\t\t<div class=\"vc_column-inner\" >\n\t\t<div class=\"wpb_wrapper\">\n\t\t\t<div class=\"img-with-aniamtion-wrap center\" data-max-width=\"100%\" data-max-width-mobile=\"default\" data-shadow=\"none\" data-animation=\"none\"  style=\"margin-top: 15px; margin-bottom: 15px; \">\n      <div class=\"inner\">\n        <div class=\"hover-wrap\" data-hover-animation=\"color-overlay\"> <div class=\"color-overlay\" style=\"background-color: #f7f7f7;\"><\/div>\n          <div class=\"hover-wrap-inner\">\n            <a href=\"https:\/\/appliancetechnician.ca\/fr\/reparation-delectromenager-bosch\/\" target=\"_self\" class=\"center\">\n              <img loading=\"lazy\" decoding=\"async\" class=\"img-with-animation skip-lazy\" data-delay=\"0\" height=\"534\" width=\"2500\" data-animation=\"none\" src=\"https:\/\/appliancetechnician.ca\/wp-content\/uploads\/2021\/06\/bosch-black.svg\" alt=\"R\u00e9paration d&#039;\u00e9lectrom\u00e9nager Bosch\" title=\"\">\n            <\/a>\n          <\/div>\n        <\/div>\n        \n      <\/div>\n      <\/div>\n\t\t<\/div> \n\t<\/div>\n\t<\/div> \n\n\t<div  class=\"vc_col-sm-2 vc_col-lg-2 vc_col-md-2 vc_col-xs-6 wpb_column column_container vc_column_container col child_column no-extra-padding right_margin_tablet_auto right_margin_phone_auto left_margin_tablet_auto left_margin_phone_auto inherit_tablet inherit_phone\"   data-padding-pos=\"all\" data-has-bg-color=\"false\" data-bg-color=\"\" data-bg-opacity=\"1\" data-animation=\"\" data-delay=\"0\" >\n\t\t<div class=\"vc_column-inner\" >\n\t\t<div class=\"wpb_wrapper\">\n\t\t\t<div class=\"img-with-aniamtion-wrap center\" data-max-width=\"100%\" data-max-width-mobile=\"default\" data-shadow=\"none\" data-animation=\"none\"  style=\"margin-top: 15px; margin-bottom: 15px; \">\n      <div class=\"inner\">\n        <div class=\"hover-wrap\" data-hover-animation=\"color-overlay\"> <div class=\"color-overlay\" style=\"background-color: #f7f7f7;\"><\/div>\n          <div class=\"hover-wrap-inner\">\n            <a href=\"https:\/\/appliancetechnician.ca\/fr\/reparation-dappareils-kenmore\/\" target=\"_self\" class=\"center\">\n              <img loading=\"lazy\" decoding=\"async\" class=\"img-with-animation skip-lazy\" data-delay=\"0\" height=\"502\" width=\"2428\" data-animation=\"none\" src=\"https:\/\/appliancetechnician.ca\/wp-content\/uploads\/2021\/06\/kenmore.svg\" alt=\"Kenmore\" title=\"\">\n            <\/a>\n          <\/div>\n        <\/div>\n        \n      <\/div>\n      <\/div>\n\t\t<\/div> \n\t<\/div>\n\t<\/div> \n\n\t<div  class=\"vc_col-sm-2 vc_col-lg-2 vc_col-md-2 vc_col-xs-6 wpb_column column_container vc_column_container col child_column no-extra-padding inherit_tablet inherit_phone\"   data-padding-pos=\"all\" data-has-bg-color=\"false\" data-bg-color=\"\" data-bg-opacity=\"1\" data-animation=\"\" data-delay=\"0\" >\n\t\t<div class=\"vc_column-inner\" >\n\t\t<div class=\"wpb_wrapper\">\n\t\t\t<div class=\"img-with-aniamtion-wrap center\" data-max-width=\"100%\" data-max-width-mobile=\"default\" data-shadow=\"none\" data-animation=\"none\"  style=\"margin-top: 15px; margin-bottom: 15px; \">\n      <div class=\"inner\">\n        <div class=\"hover-wrap\" data-hover-animation=\"color-overlay\"> <div class=\"color-overlay\" style=\"background-color: #f7f7f7;\"><\/div>\n          <div class=\"hover-wrap-inner\">\n            <a href=\"https:\/\/appliancetechnician.ca\/fr\/reparation-dappareils-maytag\/\" target=\"_self\" class=\"center\">\n              <img loading=\"lazy\" decoding=\"async\" class=\"img-with-animation skip-lazy\" data-delay=\"0\" height=\"588\" width=\"2428\" data-animation=\"none\" src=\"https:\/\/appliancetechnician.ca\/wp-content\/uploads\/2021\/06\/maytag-black-1.svg\" alt=\"\u00c9lectrom\u00e9nagers Maytag\" title=\"\">\n            <\/a>\n          <\/div>\n        <\/div>\n        \n      <\/div>\n      <\/div>\n\t\t<\/div> \n\t<\/div>\n\t<\/div> \n\n\t<div  class=\"vc_col-sm-2 vc_col-lg-offset-0 vc_col-lg-2 vc_col-md-offset-0 vc_col-md-2 vc_col-xs-6 wpb_column column_container vc_column_container col child_column no-extra-padding right_margin_tablet_auto right_margin_phone_auto left_margin_tablet_auto left_margin_phone_auto inherit_tablet inherit_phone\"   data-padding-pos=\"all\" data-has-bg-color=\"false\" data-bg-color=\"\" data-bg-opacity=\"1\" data-animation=\"\" data-delay=\"0\" >\n\t\t<div class=\"vc_column-inner\" >\n\t\t<div class=\"wpb_wrapper\">\n\t\t\t<div class=\"img-with-aniamtion-wrap center\" data-max-width=\"100%\" data-max-width-mobile=\"default\" data-shadow=\"none\" data-animation=\"none\"  style=\"margin-top: 15px; margin-bottom: 15px; \">\n      <div class=\"inner\">\n        <div class=\"hover-wrap\" data-hover-animation=\"color-overlay\"> <div class=\"color-overlay\" style=\"background-color: #f7f7f7;\"><\/div>\n          <div class=\"hover-wrap-inner\">\n            <a href=\"https:\/\/appliancetechnician.ca\/fr\/reparation-dappareils-electromenagers\/\" target=\"_self\" class=\"center\">\n              <img loading=\"lazy\" decoding=\"async\" class=\"img-with-animation skip-lazy\" data-delay=\"0\" height=\"297\" width=\"2428\" data-animation=\"none\" src=\"https:\/\/appliancetechnician.ca\/wp-content\/uploads\/2021\/06\/general-electric-1.svg\" alt=\"R\u00e9paration d&#039;\u00e9lectrom\u00e9nager GE\" title=\"\">\n            <\/a>\n          <\/div>\n        <\/div>\n        \n      <\/div>\n      <\/div>\n\t\t<\/div> \n\t<\/div>\n\t<\/div> \n<\/div><\/div>\n\t\t\t<\/div> \n\t\t<\/div>\n\t<\/div> \n<\/div><\/div>\n\t\t<div id=\"fws_69f1fa3299279\"  data-column-margin=\"default\" data-midnight=\"dark\"  class=\"wpb_row vc_row-fluid vc_row\"  style=\"padding-top: 50px; padding-bottom: 50px; \"><div class=\"row-bg-wrap\" data-bg-animation=\"none\" data-bg-animation-delay=\"\" data-bg-overlay=\"false\"><div class=\"inner-wrap row-bg-layer\" ><div class=\"row-bg viewport-desktop\"  style=\"\"><\/div><\/div><\/div><div class=\"row_col_wrap_12 col span_12 dark left\">\n\t<div  class=\"vc_col-sm-6 wpb_column column_container vc_column_container col no-extra-padding inherit_tablet inherit_phone\"  data-padding-pos=\"all\" data-has-bg-color=\"false\" data-bg-color=\"\" data-bg-opacity=\"1\" data-animation=\"\" data-delay=\"0\" >\n\t\t<div class=\"vc_column-inner\" >\n\t\t\t<div class=\"wpb_wrapper\">\n\t\t\t\t<div class=\"nectar-split-heading\" data-align=\"default\" data-m-align=\"inherit\" data-text-effect=\"none\" data-animation-type=\"line-reveal-by-space\" data-animation-delay=\"0\" data-animation-offset=\"\" data-m-rm-animation=\"\" data-stagger=\"\" data-custom-font-size=\"false\" ><h2 >R\u00e9paration d&#039;appareils Electrolux \u00e0 proximit\u00e9\u00a0: la commodit\u00e9 \u00e0 votre porte<\/h2><\/div>\n<div class=\"wpb_text_column wpb_content_element\" >\n\t<p>Si vous r\u00e9sidez \u00e0 Ottawa ou dans les environs tels que <a href=\"https:\/\/appliancetechnician.ca\/fr\/zones-que-nous-servons\/reparation-dappareils-electromenagers-a-nepean\/\" target=\"_blank\" rel=\"noopener\">Nepean<\/a>, <a href=\"https:\/\/appliancetechnician.ca\/fr\/zones-que-nous-servons\/reparation-dappareils-electromenagers-a-gloucester\/\" target=\"_blank\" rel=\"noopener\">Gloucester<\/a>, <a href=\"https:\/\/appliancetechnician.ca\/fr\/zones-que-nous-servons\/reparation-delectromenager-a-orleans\/\" target=\"_blank\" rel=\"noopener\">Orl\u00e9ans<\/a>, <a href=\"https:\/\/appliancetechnician.ca\/fr\/zones-que-nous-servons\/reparation-dappareils-kanata\/\" target=\"_blank\" rel=\"noopener\">Kanata, <\/a>et Gatineau et avez besoin des services de r\u00e9paration d&#039;\u00e9lectrom\u00e9nagers Electrolux, ne cherchez pas plus loin. Appliance Technician est l\u2019un des principaux fournisseurs de solutions de r\u00e9paration d\u2019appareils fiables et efficaces dans la r\u00e9gion. Avec une \u00e9quipe de techniciens qualifi\u00e9s et un engagement envers la satisfaction du client, nous garantissons que vos appareils Electrolux sont entre de bonnes mains. Nous offrons un service rapide, des prix transparents et une garantie de r\u00e9parations de qualit\u00e9, ce qui en fait le meilleur choix pour la r\u00e9paration d&#039;appareils Electrolux pr\u00e8s d&#039;Ottawa.<\/p>\n<\/div>\n\n\n\n\n\t\t\t<\/div> \n\t\t<\/div>\n\t<\/div> \n<\/div><\/div>\n\t\t<div id=\"fws_69f1fa3299617\"  data-column-margin=\"default\" data-midnight=\"dark\"  class=\"wpb_row vc_row-fluid vc_row full-width-section has-row-bg-color\"  style=\"padding-top: 50px; padding-bottom: 50px; --row-bg-color: #ededed;\"><div class=\"row-bg-wrap\" data-bg-animation=\"none\" data-bg-animation-delay=\"\" data-bg-overlay=\"false\"><div class=\"inner-wrap row-bg-layer\" ><div class=\"row-bg viewport-desktop using-bg-color\"  style=\"background-color: #ededed; \"><\/div><\/div><\/div><div class=\"row_col_wrap_12 col span_12 dark left\">\n\t<div  class=\"vc_col-sm-12 wpb_column column_container vc_column_container col no-extra-padding inherit_tablet inherit_phone\"  data-padding-pos=\"all\" data-has-bg-color=\"false\" data-bg-color=\"\" data-bg-opacity=\"1\" data-animation=\"\" data-delay=\"0\" >\n\t\t<div class=\"vc_column-inner\" >\n\t\t\t<div class=\"wpb_wrapper\">\n\t\t\t\t<div class=\"nectar-split-heading\" data-align=\"center\" data-m-align=\"center\" data-text-effect=\"none\" data-animation-type=\"line-reveal-by-space\" data-animation-delay=\"0\" data-animation-offset=\"\" data-m-rm-animation=\"\" data-stagger=\"\" data-custom-font-size=\"false\" ><h2 >\u00c9valuation des co\u00fbts de r\u00e9paration des appareils Electrolux<\/h2><\/div>\n<div class=\"wpb_text_column wpb_content_element  vc_custom_1688085863562\" >\n\t<p>Naturellement, on pourrait s\u2019interroger sur le co\u00fbt des services de r\u00e9paration d\u2019\u00e9lectrom\u00e9nagers Electrolux. Le co\u00fbt peut varier en fonction de facteurs tels que le mod\u00e8le d&#039;appareil sp\u00e9cifique, l&#039;\u00e9tendue de la r\u00e9paration requise et la main-d&#039;\u0153uvre impliqu\u00e9e. Appliance Technician propose des prix comp\u00e9titifs et fournit une ventilation transparente des co\u00fbts impliqu\u00e9s.<\/p>\n<\/div>\n\n\n\n\n\t\t\t<\/div> \n\t\t<\/div>\n\t<\/div> \n\n\t<div  class=\"vc_col-sm-4 wpb_column column_container vc_column_container col padding-1-percent inherit_tablet inherit_phone\"  data-padding-pos=\"all\" data-has-bg-color=\"false\" data-bg-color=\"\" data-bg-opacity=\"1\" data-animation=\"\" data-delay=\"0\" >\n\t\t<div class=\"vc_column-inner\" >\n\t\t\t<div class=\"wpb_wrapper\">\n\t\t\t\t<div class=\"img-with-aniamtion-wrap center\" data-max-width=\"100%\" data-max-width-mobile=\"default\" data-border-radius=\"10px\" data-shadow=\"x_large_depth\" data-animation=\"grow-in\" >\n      <div class=\"inner\">\n        <div class=\"hover-wrap\" data-hover-animation=\"color-overlay\"> <div class=\"color-overlay\" style=\"background-color: rgba(0,0,0,0.21);\"><\/div>\n          <div class=\"hover-wrap-inner\">\n            <a href=\"https:\/\/appliancetechnician.ca\/fr\/reserver-la-reparation-dun-electromenager-en-ligne\/\" target=\"_blank\" class=\"center\">\n              <img loading=\"lazy\" decoding=\"async\" class=\"img-with-animation skip-lazy\" data-delay=\"0\" height=\"590\" width=\"1345\" data-animation=\"grow-in\" src=\"https:\/\/appliancetechnician.ca\/wp-content\/uploads\/2023\/05\/10percent.webp\" alt=\"coupon de 10 pour cent\" srcset=\"https:\/\/appliancetechnician.ca\/wp-content\/uploads\/2023\/05\/10percent.webp 1345w, https:\/\/appliancetechnician.ca\/wp-content\/uploads\/2023\/05\/10percent-300x132.webp 300w, https:\/\/appliancetechnician.ca\/wp-content\/uploads\/2023\/05\/10percent-1024x449.webp 1024w, https:\/\/appliancetechnician.ca\/wp-content\/uploads\/2023\/05\/10percent-768x337.webp 768w\" sizes=\"auto, (max-width: 1345px) 100vw, 1345px\" title=\"\">\n            <\/a>\n          <\/div>\n        <\/div>\n        \n      <\/div>\n      <\/div>\n\t\t\t<\/div> \n\t\t<\/div>\n\t<\/div> \n\n\t<div  class=\"vc_col-sm-4 wpb_column column_container vc_column_container col padding-1-percent inherit_tablet inherit_phone\"  data-padding-pos=\"all\" data-has-bg-color=\"false\" data-bg-color=\"\" data-bg-opacity=\"1\" data-animation=\"\" data-delay=\"0\" >\n\t\t<div class=\"vc_column-inner\" >\n\t\t\t<div class=\"wpb_wrapper\">\n\t\t\t\t<div class=\"img-with-aniamtion-wrap center\" data-max-width=\"100%\" data-max-width-mobile=\"default\" data-border-radius=\"10px\" data-shadow=\"x_large_depth\" data-animation=\"grow-in\" >\n      <div class=\"inner\">\n        <div class=\"hover-wrap\" data-hover-animation=\"color-overlay\"> <div class=\"color-overlay\" style=\"background-color: rgba(0,0,0,0.21);\"><\/div>\n          <div class=\"hover-wrap-inner\">\n            <a href=\"https:\/\/appliancetechnician.ca\/fr\/reserver-la-reparation-dun-electromenager-en-ligne\/\" target=\"_blank\" class=\"center\">\n              <img loading=\"lazy\" decoding=\"async\" class=\"img-with-animation skip-lazy\" data-delay=\"0\" height=\"590\" width=\"1345\" data-animation=\"grow-in\" src=\"https:\/\/appliancetechnician.ca\/wp-content\/uploads\/2023\/05\/50dollars.webp\" alt=\"coupon\" srcset=\"https:\/\/appliancetechnician.ca\/wp-content\/uploads\/2023\/05\/50dollars.webp 1345w, https:\/\/appliancetechnician.ca\/wp-content\/uploads\/2023\/05\/50dollars-300x132.webp 300w, https:\/\/appliancetechnician.ca\/wp-content\/uploads\/2023\/05\/50dollars-1024x449.webp 1024w, https:\/\/appliancetechnician.ca\/wp-content\/uploads\/2023\/05\/50dollars-768x337.webp 768w\" sizes=\"auto, (max-width: 1345px) 100vw, 1345px\" title=\"\">\n            <\/a>\n          <\/div>\n        <\/div>\n        \n      <\/div>\n      <\/div>\n\t\t\t<\/div> \n\t\t<\/div>\n\t<\/div> \n\n\t<div  class=\"vc_col-sm-4 wpb_column column_container vc_column_container col padding-1-percent inherit_tablet inherit_phone\"  data-padding-pos=\"all\" data-has-bg-color=\"false\" data-bg-color=\"\" data-bg-opacity=\"1\" data-animation=\"\" data-delay=\"0\" >\n\t\t<div class=\"vc_column-inner\" >\n\t\t\t<div class=\"wpb_wrapper\">\n\t\t\t\t<div class=\"img-with-aniamtion-wrap center\" data-max-width=\"100%\" data-max-width-mobile=\"default\" data-border-radius=\"10px\" data-shadow=\"x_large_depth\" data-animation=\"grow-in\" >\n      <div class=\"inner\">\n        <div class=\"hover-wrap\" data-hover-animation=\"color-overlay\"> <div class=\"color-overlay\" style=\"background-color: rgba(0,0,0,0.21);\"><\/div>\n          <div class=\"hover-wrap-inner\">\n            <a href=\"https:\/\/appliancetechnician.ca\/fr\/reserver-la-reparation-dun-electromenager-en-ligne\/\" target=\"_blank\" class=\"center\">\n              <img loading=\"lazy\" decoding=\"async\" class=\"img-with-animation skip-lazy\" data-delay=\"0\" height=\"590\" width=\"1345\" data-animation=\"grow-in\" src=\"https:\/\/appliancetechnician.ca\/wp-content\/uploads\/2023\/05\/30dollars.webp\" alt=\"coupon de 30 dollars\" srcset=\"https:\/\/appliancetechnician.ca\/wp-content\/uploads\/2023\/05\/30dollars.webp 1345w, https:\/\/appliancetechnician.ca\/wp-content\/uploads\/2023\/05\/30dollars-300x132.webp 300w, https:\/\/appliancetechnician.ca\/wp-content\/uploads\/2023\/05\/30dollars-1024x449.webp 1024w, https:\/\/appliancetechnician.ca\/wp-content\/uploads\/2023\/05\/30dollars-768x337.webp 768w\" sizes=\"auto, (max-width: 1345px) 100vw, 1345px\" title=\"\">\n            <\/a>\n          <\/div>\n        <\/div>\n        \n      <\/div>\n      <\/div>\n\t\t\t<\/div> \n\t\t<\/div>\n\t<\/div> \n<\/div><\/div>\n\t\t<div id=\"fws_69f1fa3299ed9\"  data-column-margin=\"default\" data-midnight=\"dark\"  class=\"wpb_row vc_row-fluid vc_row full-width-section\"  style=\"padding-top: 50px; padding-bottom: 50px; \"><div class=\"row-bg-wrap\" data-bg-animation=\"none\" data-bg-animation-delay=\"\" data-bg-overlay=\"false\"><div class=\"inner-wrap row-bg-layer\" ><div class=\"row-bg viewport-desktop\"  style=\"\"><\/div><\/div><\/div><div class=\"row_col_wrap_12 col span_12 dark left\">\n\t<div  class=\"vc_col-sm-12 wpb_column column_container vc_column_container col no-extra-padding inherit_tablet inherit_phone\"  data-padding-pos=\"all\" data-has-bg-color=\"false\" data-bg-color=\"\" data-bg-opacity=\"1\" data-animation=\"\" data-delay=\"0\" >\n\t\t<div class=\"vc_column-inner\" >\n\t\t\t<div class=\"wpb_wrapper\">\n\t\t\t\t<div class=\"toggles\" data-br=\"\" data-starting=\"default\" data-style=\"minimal\"><div class=\"toggle default\" data-inner-wrap=\"true\"><h3 class=\"toggle-title\"><a href=\"#\" role=\"button\" class=\"toggle-heading\"><i role=\"presentation\" class=\"fa fa-plus\"><\/i>Quels sont les probl\u00e8mes courants avec les appareils de cuisine Electrolux ?<\/a><\/h3><div><div class=\"inner-toggle-wrap\">\n<div class=\"wpb_text_column wpb_content_element\" >\n\t<p><span style=\"font-weight: 400\">Les appareils de cuisine Electrolux peuvent rencontrer divers probl\u00e8mes courants tels que des commandes d\u00e9fectueuses, des incoh\u00e9rences de temp\u00e9rature, des fuites, des bruits \u00e9tranges et des pannes de courant. Si vous rencontrez l&#039;un de ces probl\u00e8mes, il est recommand\u00e9 de faire appel \u00e0 un service professionnel de r\u00e9paration d&#039;appareils Electrolux.<\/span><\/p>\n<\/div>\n\n\n\n<\/div><\/div><\/div><div class=\"toggle default\" data-inner-wrap=\"true\"><h3 class=\"toggle-title\"><a href=\"#\" role=\"button\" class=\"toggle-heading\"><i role=\"presentation\" class=\"fa fa-plus\"><\/i>Comment puis-je trouver un technicien d\u2019\u00e9lectrom\u00e9nager fiable pour les r\u00e9parations Electrolux ?<\/a><\/h3><div><div class=\"inner-toggle-wrap\">\n<div class=\"wpb_text_column wpb_content_element\" >\n\t<p><span style=\"font-weight: 400\">Pour trouver un technicien d&#039;\u00e9lectrom\u00e9nager fiable pour les r\u00e9parations Electrolux, il est conseill\u00e9 de faire appel \u00e0 des entreprises de r\u00e9paration d&#039;appareils \u00e9tablies, comme Appliance Technician, qui ont fait leurs preuves en mati\u00e8re de fourniture d&#039;un service de qualit\u00e9. Ils emploient des techniciens qualifi\u00e9s et certifi\u00e9s qui peuvent diagnostiquer et r\u00e9parer efficacement votre appareil Electrolux.<\/span><\/p>\n<\/div>\n\n\n\n<\/div><\/div><\/div><div class=\"toggle default\" data-inner-wrap=\"true\"><h3 class=\"toggle-title\"><a href=\"#\" role=\"button\" class=\"toggle-heading\"><i role=\"presentation\" class=\"fa fa-plus\"><\/i>Combien co\u00fbte la r\u00e9paration d&#039;un \u00e9lectrom\u00e9nager Electrolux ?<\/a><\/h3><div><div class=\"inner-toggle-wrap\">\n<div class=\"wpb_text_column wpb_content_element\" >\n\t<p><span style=\"font-weight: 400\">Le co\u00fbt de r\u00e9paration d&#039;un appareil Electrolux peut varier en fonction du probl\u00e8me sp\u00e9cifique et de l&#039;\u00e9tendue des r\u00e9parations requises. Il est recommand\u00e9 de contacter des entreprises de r\u00e9paration d&#039;appareils r\u00e9put\u00e9es, telles que Appliance Technician, pour une \u00e9valuation d\u00e9taill\u00e9e et une estimation pr\u00e9cise des co\u00fbts pour vos besoins de r\u00e9paration particuliers.<\/span><\/p>\n<\/div>\n\n\n\n<\/div><\/div><\/div><\/div>\n\t\t\t<\/div> \n\t\t<\/div>\n\t<\/div> \n<\/div><\/div>\n\t\t<div id=\"fws_69f1fa329a2c5\"  data-column-margin=\"default\" data-midnight=\"light\"  class=\"wpb_row vc_row-fluid vc_row full-width-section has-row-bg-color vc_row-o-equal-height vc_row-flex\"  style=\"padding-top: 50px; padding-bottom: 20px; --row-bg-color: #01317c;\"><div class=\"row-bg-wrap\" data-bg-animation=\"none\" data-bg-animation-delay=\"\" data-bg-overlay=\"false\"><div class=\"inner-wrap row-bg-layer\" ><div class=\"row-bg viewport-desktop using-bg-color\"  style=\"background-color: #01317c; \"><\/div><\/div><\/div><div class=\"row_col_wrap_12 col span_12 light left\">\n\t<div  class=\"vc_col-sm-12 wpb_column column_container vc_column_container col no-extra-padding inherit_tablet padding-3-percent_phone\"  data-padding-pos=\"all\" data-has-bg-color=\"false\" data-bg-color=\"\" data-bg-opacity=\"1\" data-animation=\"\" data-delay=\"0\" >\n\t\t<div class=\"vc_column-inner\" >\n\t\t\t<div class=\"wpb_wrapper\">\n\t\t\t\t<div class=\"nectar-split-heading\" data-align=\"default\" data-m-align=\"inherit\" data-text-effect=\"none\" data-animation-type=\"line-reveal-by-space\" data-animation-delay=\"0\" data-animation-offset=\"\" data-m-rm-animation=\"\" data-stagger=\"\" data-custom-font-size=\"false\" ><h2 >Services de r\u00e9paration d&#039;appareils Electrolux fiables et dignes de confiance : pour que votre cuisine fonctionne sans probl\u00e8me<\/h2><\/div>\n<div class=\"wpb_text_column wpb_content_element\" >\n\t<h2><strong>R\u00e9servez votre service de r\u00e9paration d'appareils \u00e9lectrom\u00e9nagers Electrolux dans et pr\u00e8s d'Ottawa, Ontario<\/strong><\/h2>\n<p>\u00c0 <a href=\"https:\/\/appliancetechnician.ca\/fr\/a-propos-du-technicien-en-electromenager\/\"><strong>Technicien en \u00e9lectrom\u00e9nager<\/strong><\/a>Nous sommes sp\u00e9cialis\u00e9s dans <strong>R\u00e9paration d&#039;\u00e9lectrom\u00e9nager Electrolux<\/strong>Electrolux est un sp\u00e9cialiste de l'entretien des appareils \u00e9lectrom\u00e9nagers, qui propose des solutions expertes pour que vos appareils fonctionnent de mani\u00e8re optimale. Nos techniciens certifi\u00e9s ont pour mission de restaurer la fonctionnalit\u00e9 de vos appareils Electrolux, afin qu'ils continuent \u00e0 vous faciliter la vie au quotidien. Que vous ayez besoin de <strong>r\u00e9paration de lave-vaisselle<\/strong>, <strong>r\u00e9paration de four<\/strong>, <strong>r\u00e9paration de r\u00e9frig\u00e9rateur<\/strong>, <strong>r\u00e9paration de laveuse<\/strong>, <strong>r\u00e9paration de s\u00e8che-linge<\/strong>ou d'installation, notre \u00e9quipe qualifi\u00e9e poss\u00e8de l'expertise n\u00e9cessaire pour faire le travail correctement.<\/p>\n<p><a href=\"https:\/\/appliancetechnician.ca\/fr\/reserver-la-reparation-dun-electromenager-en-ligne\/\"><strong>R\u00e9servez votre service en ligne maintenant<\/strong><\/a> et faites-nous confiance pour maintenir les performances de vos appareils Electrolux. Nous sommes fiers de servir les propri\u00e9taires et les entreprises de <strong>Ottawa, Ontario<\/strong>et les r\u00e9gions avoisinantes.<\/p>\n<hr \/>\n<p><em>Laissez Appliance Technician vous fournir les soins professionnels que vos appareils Electrolux m\u00e9ritent, pour une fiabilit\u00e9 durable et une tranquillit\u00e9 d'esprit.<\/em><\/p>\n<\/div>\n\n\n\n<div id=\"fws_69f1fa329a40a\" data-midnight=\"\" data-column-margin=\"default\" class=\"wpb_row vc_row-fluid vc_row inner_row\"  style=\"\"><div class=\"row-bg-wrap\"> <div class=\"row-bg\" ><\/div> <\/div><div class=\"row_col_wrap_12_inner col span_12  left\">\n\t<div  class=\"vc_col-sm-4 wpb_column column_container vc_column_container col child_column no-extra-padding force-tablet-text-align-center force-phone-text-align-center inherit_tablet inherit_phone\"   data-padding-pos=\"all\" data-has-bg-color=\"false\" data-bg-color=\"\" data-bg-opacity=\"1\" data-animation=\"\" data-delay=\"0\" >\n\t\t<div class=\"vc_column-inner\" >\n\t\t<div class=\"wpb_wrapper\">\n\t\t\t<div class=\"nectar-cta  alignment_tablet_default alignment_phone_default display_tablet_inherit display_phone_inherit\" data-color=\"extra-color-1\" data-using-bg=\"true\" data-style=\"basic\" data-display=\"block\" data-alignment=\"left\" data-text-color=\"custom\" style=\"margin-top: 10px; margin-right: 10px; margin-bottom: 10px; margin-left: 10px; --nectar-text-color: #ffffff; --nectar-button-color: var(--nectar-extra-color-1); --nectar-icon-gap: 10px; \"><span style=\"color: #ffffff;\" class=\"nectar-button-type\"><span class=\"link_wrap\" style=\"padding-top: 20px; padding-right: 35px; padding-bottom: 20px; padding-left: 35px;\"><a  class=\"link_text\" role=\"button\" href=\"https:\/\/appliancetechnician.ca\/fr\/reserver-la-reparation-dun-electromenager-en-ligne\/\"><span class=\"text\">R\u00e9servation en ligne<\/span><\/a><\/span><\/span><\/div>\n\t\t<\/div> \n\t<\/div>\n\t<\/div> \n<\/div><\/div>\n\t\t\t<\/div> \n\t\t<\/div>\n\t<\/div> \n<\/div><\/div>","protected":false},"excerpt":{"rendered":"Pour le bon fonctionnement de votre cuisine, il est essentiel de disposer d'appareils fiables. Electrolux, marque r\u00e9put\u00e9e dans le secteur de l'\u00e9lectrom\u00e9nager, propose une large gamme d'appareils de cuisine con\u00e7us pour rendre votre exp\u00e9rience culinaire agr\u00e9able et sans effort. Cependant, comme tout autre appareil, les appareils de cuisine Electrolux peuvent rencontrer des dysfonctionnements ou des pannes occasionnels. C'est l\u00e0 que nos services de r\u00e9paration d'appareils \u00e9lectrom\u00e9nagers interviennent...","protected":false},"author":1,"featured_media":30286,"parent":0,"menu_order":0,"comment_status":"closed","ping_status":"closed","template":"","meta":{"footnotes":""},"class_list":["post-29487","page","type-page","status-publish","has-post-thumbnail"],"_links":{"self":[{"href":"https:\/\/appliancetechnician.ca\/fr\/wp-json\/wp\/v2\/pages\/29487","targetHints":{"allow":["GET"]}}],"collection":[{"href":"https:\/\/appliancetechnician.ca\/fr\/wp-json\/wp\/v2\/pages"}],"about":[{"href":"https:\/\/appliancetechnician.ca\/fr\/wp-json\/wp\/v2\/types\/page"}],"author":[{"embeddable":true,"href":"https:\/\/appliancetechnician.ca\/fr\/wp-json\/wp\/v2\/users\/1"}],"replies":[{"embeddable":true,"href":"https:\/\/appliancetechnician.ca\/fr\/wp-json\/wp\/v2\/comments?post=29487"}],"version-history":[{"count":0,"href":"https:\/\/appliancetechnician.ca\/fr\/wp-json\/wp\/v2\/pages\/29487\/revisions"}],"wp:featuredmedia":[{"embeddable":true,"href":"https:\/\/appliancetechnician.ca\/fr\/wp-json\/wp\/v2\/media\/30286"}],"wp:attachment":[{"href":"https:\/\/appliancetechnician.ca\/fr\/wp-json\/wp\/v2\/media?parent=29487"}],"curies":[{"name":"wp","href":"https:\/\/api.w.org\/{rel}","templated":true}]}}